{"id":8930,"date":"2023-06-12T01:36:21","date_gmt":"2023-06-11T23:36:21","guid":{"rendered":"https:\/\/www.proarti.fr\/services\/?page_id=8930"},"modified":"2024-10-15T17:44:26","modified_gmt":"2024-10-15T15:44:26","slug":"mentorat","status":"publish","type":"page","link":"https:\/\/www.proarti.fr\/services\/mentorat\/","title":{"rendered":"Mentorat"},"content":{"rendered":"\t\t<div data-elementor-type=\"wp-page\" data-elementor-id=\"8930\" class=\"elementor elementor-8930\" data-elementor-post-type=\"page\">\n\t\t\t\t\t\t<section class=\"elementor-section elementor-top-section elementor-element elementor-element-7d47c56 elementor-section-height-min-height elementor-section-content-middle elementor-section-boxed elementor-section-height-default elementor-section-items-middle\" data-id=\"7d47c56\" data-element_type=\"section\" data-e-type=\"section\" data-settings=\"{&quot;background_background&quot;:&quot;classic&quot;}\">\n\t\t\t\t\t\t\t<div class=\"elementor-background-overlay\"><\/div>\n\t\t\t\t\t\t\t<div class=\"elementor-container elementor-column-gap-default\">\n\t\t\t\t\t<div class=\"elementor-column elementor-col-100 elementor-top-column elementor-element elementor-element-5d63638\" data-id=\"5d63638\" data-element_type=\"column\" data-e-type=\"column\">\n\t\t\t<div class=\"elementor-widget-wrap elementor-element-populated\">\n\t\t\t\t\t\t<div class=\"elementor-element elementor-element-13d1b66 elementor-widget elementor-widget-heading\" data-id=\"13d1b66\" data-element_type=\"widget\" data-e-type=\"widget\" data-widget_type=\"heading.default\">\n\t\t\t\t<div class=\"elementor-widget-container\">\n\t\t\t\t\t<h1 class=\"elementor-heading-title elementor-size-small\">Aller plus loin <br> avec le programme d'accompagnement de mentorat<\/h1>\t\t\t\t<\/div>\n\t\t\t\t<\/div>\n\t\t\t\t\t<\/div>\n\t\t<\/div>\n\t\t\t\t\t<\/div>\n\t\t<\/section>\n\t\t\t\t<section class=\"elementor-section elementor-top-section elementor-element elementor-element-9c20b75 elementor-section-boxed elementor-section-height-default elementor-section-height-default\" data-id=\"9c20b75\" data-element_type=\"section\" data-e-type=\"section\">\n\t\t\t\t\t\t<div class=\"elementor-container elementor-column-gap-default\">\n\t\t\t\t\t<div class=\"elementor-column elementor-col-100 elementor-top-column elementor-element elementor-element-b0faa42\" data-id=\"b0faa42\" data-element_type=\"column\" data-e-type=\"column\">\n\t\t\t<div class=\"elementor-widget-wrap elementor-element-populated\">\n\t\t\t\t\t\t<div class=\"elementor-element elementor-element-9d448d7 elementor-widget elementor-widget-heading\" data-id=\"9d448d7\" data-element_type=\"widget\" data-e-type=\"widget\" data-widget_type=\"heading.default\">\n\t\t\t\t<div class=\"elementor-widget-container\">\n\t\t\t\t\t<h2 class=\"elementor-heading-title elementor-size-default\">Le programme au service de son projet artistique et culturel<\/h2>\t\t\t\t<\/div>\n\t\t\t\t<\/div>\n\t\t\t\t<div class=\"elementor-element elementor-element-a522e55 elementor-widget elementor-widget-text-editor\" data-id=\"a522e55\" data-element_type=\"widget\" data-e-type=\"widget\" data-widget_type=\"text-editor.default\">\n\t\t\t\t<div class=\"elementor-widget-container\">\n\t\t\t\t\t\t\t\t\t<p>Ce programme permet premi\u00e8rement aux porteurs de projet de se former, d&#8217;une part gr\u00e2ce \u00e0 des vid\u00e9os, sur un grand nombres de points cl\u00e9s utiles pour le d\u00e9veloppement de leur projet culturel.<br \/>Et d&#8217;autre par, il permet de mettre en application les connaissances acquises par le biais de plusieurs exercices pratiques. I<span style=\"background-color: var(--body-bg-color); text-transform: var(--body-text-transform);\">l vous permet notamment de pr\u00e9senter et de challenger votre projet aupr\u00e8s de professionnels et d&#8217;autres porteurs de projets du secteur culturel.<\/span><\/p>\t\t\t\t\t\t\t\t<\/div>\n\t\t\t\t<\/div>\n\t\t\t\t<div class=\"elementor-element elementor-element-9dc8b34 elementor-widget elementor-widget-spacer\" data-id=\"9dc8b34\" data-element_type=\"widget\" data-e-type=\"widget\" data-widget_type=\"spacer.default\">\n\t\t\t\t<div class=\"elementor-widget-container\">\n\t\t\t\t\t\t\t<div class=\"elementor-spacer\">\n\t\t\t<div class=\"elementor-spacer-inner\"><\/div>\n\t\t<\/div>\n\t\t\t\t\t\t<\/div>\n\t\t\t\t<\/div>\n\t\t\t\t<div class=\"elementor-element elementor-element-46b08ef elementor-widget elementor-widget-heading\" data-id=\"46b08ef\" data-element_type=\"widget\" data-e-type=\"widget\" data-widget_type=\"heading.default\">\n\t\t\t\t<div class=\"elementor-widget-container\">\n\t\t\t\t\t<h2 class=\"elementor-heading-title elementor-size-default\">Les objectifs<\/h2>\t\t\t\t<\/div>\n\t\t\t\t<\/div>\n\t\t\t\t<div class=\"elementor-element elementor-element-97ab849 elementor-widget elementor-widget-text-editor\" data-id=\"97ab849\" data-element_type=\"widget\" data-e-type=\"widget\" data-widget_type=\"text-editor.default\">\n\t\t\t\t<div class=\"elementor-widget-container\">\n\t\t\t\t\t\t\t\t\t<p>\u2022 Appr\u00e9hender un grand nombre d&#8217;aspects de l&#8217;entreprenariat culturel gr\u00e2ce aux vid\u00e9os sur le m\u00e9c\u00e9nat, le financement participatif et la communication digitale&nbsp;<\/p>\n<p>\u2022 Apprendre \u00e0 pitcher son projet avec une logique de m\u00e9c\u00e9nat devant des professionnels&nbsp;<\/p>\n<p>\u2022&nbsp;<span style=\"background-color: var(--body-bg-color); text-transform: var(--body-text-transform);\">Challenger son projet avec le retour et le conseil d&#8217;experts et de paires :&nbsp;<\/span><span style=\"color: #000000; background-color: var(--body-bg-color); text-transform: var(--body-text-transform);\">formateur, professionnels et les autres participants du programme<\/span><\/p>\t\t\t\t\t\t\t\t<\/div>\n\t\t\t\t<\/div>\n\t\t\t\t\t<\/div>\n\t\t<\/div>\n\t\t\t\t\t<\/div>\n\t\t<\/section>\n\t\t\t\t<section class=\"elementor-section elementor-top-section elementor-element elementor-element-6b1da04 elementor-section-boxed elementor-section-height-default elementor-section-height-default\" data-id=\"6b1da04\" data-element_type=\"section\" data-e-type=\"section\">\n\t\t\t\t\t\t<div class=\"elementor-container elementor-column-gap-default\">\n\t\t\t\t\t<div class=\"elementor-column elementor-col-100 elementor-top-column elementor-element elementor-element-36a282b\" data-id=\"36a282b\" data-element_type=\"column\" data-e-type=\"column\">\n\t\t\t<div class=\"elementor-widget-wrap elementor-element-populated\">\n\t\t\t\t\t\t<section class=\"elementor-section elementor-inner-section elementor-element elementor-element-21148af elementor-section-boxed elementor-section-height-default elementor-section-height-default\" data-id=\"21148af\" data-element_type=\"section\" data-e-type=\"section\">\n\t\t\t\t\t\t<div class=\"elementor-container elementor-column-gap-default\">\n\t\t\t\t\t<div class=\"elementor-column elementor-col-50 elementor-inner-column elementor-element elementor-element-532bb48\" data-id=\"532bb48\" data-element_type=\"column\" data-e-type=\"column\">\n\t\t\t<div class=\"elementor-widget-wrap elementor-element-populated\">\n\t\t\t\t\t\t<div class=\"elementor-element elementor-element-00e11ee elementor-widget elementor-widget-heading\" data-id=\"00e11ee\" data-element_type=\"widget\" data-e-type=\"widget\" data-widget_type=\"heading.default\">\n\t\t\t\t<div class=\"elementor-widget-container\">\n\t\t\t\t\t<h2 class=\"elementor-heading-title elementor-size-default\">Les \u00e9l\u00e9ments du programme<\/h2>\t\t\t\t<\/div>\n\t\t\t\t<\/div>\n\t\t\t\t<div class=\"elementor-element elementor-element-05106ca elementor-widget elementor-widget-text-editor\" data-id=\"05106ca\" data-element_type=\"widget\" data-e-type=\"widget\" data-widget_type=\"text-editor.default\">\n\t\t\t\t<div class=\"elementor-widget-container\">\n\t\t\t\t\t\t\t\t\t<p>\u2022 Acc\u00e8s au 3 modules de cours pendant 1 an<\/p><p>\u2022 Plusieurs heures de cours en vid\u00e9o pour vous former sur des sujets incontournables pour les entrepreneurs culturels<\/p><p>\u2022 4 exercices pratiques &amp; corrections personnalis\u00e9es<\/p><p>\u2022 1 session d&#8217;onboarding avec une reformulation des besoins et attentes<\/p><p><span class=\"WdYUQQ text-decoration-none text-strikethrough-none\" style=\"background-color: var(--body-bg-color); text-transform: var(--body-text-transform);\">\u2022 Challenge de son projet aux c\u00f4t\u00e9s d&#8217;autres b\u00e9n\u00e9ficiaires<\/span><span class=\"WdYUQQ text-decoration-none text-strikethrough-none\" style=\"background-color: var(--body-bg-color); text-transform: var(--body-text-transform);\"> du programme<\/span><\/p><p><span class=\"WdYUQQ text-decoration-none text-strikethrough-none\"><span class=\"WdYUQQ text-decoration-none text-strikethrough-none\" style=\"background-color: var(--body-bg-color); text-transform: var(--body-text-transform);\">\u2022 <\/span>Restitution au cours de 2 pitchs<\/span><span class=\"WdYUQQ text-decoration-none text-strikethrough-none\"> devant les formateurs et les autres participants du programme<\/span><\/p><p>\u2022 Un suivi de votre projet post-formation<\/p>\t\t\t\t\t\t\t\t<\/div>\n\t\t\t\t<\/div>\n\t\t\t\t<div class=\"elementor-element elementor-element-f40c27e elementor-widget elementor-widget-heading\" data-id=\"f40c27e\" data-element_type=\"widget\" data-e-type=\"widget\" data-widget_type=\"heading.default\">\n\t\t\t\t<div class=\"elementor-widget-container\">\n\t\t\t\t\t<h2 class=\"elementor-heading-title elementor-size-default\">Infos pratiques<\/h2>\t\t\t\t<\/div>\n\t\t\t\t<\/div>\n\t\t\t\t<div class=\"elementor-element elementor-element-e01bb02 elementor-widget elementor-widget-text-editor\" data-id=\"e01bb02\" data-element_type=\"widget\" data-e-type=\"widget\" data-widget_type=\"text-editor.default\">\n\t\t\t\t<div class=\"elementor-widget-container\">\n\t\t\t\t\t\t\t\t\t<ul><li><strong>Pr\u00e9requis<\/strong>\u00a0: aucun<\/li><li><strong>Dur\u00e9e\u00a0:<\/strong><ul><li>4h de vid\u00e9os mises \u00e0 disposition<\/li><li>1h de session d&#8217;onboarding<\/li><li>3h de session de pitch et de retours<\/li><\/ul><\/li><li><strong>Prix\u00a0:<\/strong>\u00a0550 \u20ac TTC, vid\u00e9os comprises<\/li><li><strong>Dates\u00a0:<\/strong>\u00a0selon la demande. Les dates sont d\u00e9cid\u00e9es de concert entre le formateur, les professionnels et les porteurs de projet<\/li><\/ul>\t\t\t\t\t\t\t\t<\/div>\n\t\t\t\t<\/div>\n\t\t\t\t\t<\/div>\n\t\t<\/div>\n\t\t\t\t<div class=\"elementor-column elementor-col-50 elementor-inner-column elementor-element elementor-element-ee34c3f\" data-id=\"ee34c3f\" data-element_type=\"column\" data-e-type=\"column\">\n\t\t\t<div class=\"elementor-widget-wrap elementor-element-populated\">\n\t\t\t\t\t\t<div class=\"elementor-element elementor-element-ef1a4fc elementor-widget elementor-widget-heading\" data-id=\"ef1a4fc\" data-element_type=\"widget\" data-e-type=\"widget\" data-widget_type=\"heading.default\">\n\t\t\t\t<div class=\"elementor-widget-container\">\n\t\t\t\t\t<h2 class=\"elementor-heading-title elementor-size-default\">\u00c0 qui s\u2019adresse cette formation ?<\/h2>\t\t\t\t<\/div>\n\t\t\t\t<\/div>\n\t\t\t\t<div class=\"elementor-element elementor-element-7aeb46f elementor-widget elementor-widget-text-editor\" data-id=\"7aeb46f\" data-element_type=\"widget\" data-e-type=\"widget\" data-widget_type=\"text-editor.default\">\n\t\t\t\t<div class=\"elementor-widget-container\">\n\t\t\t\t\t\t\t\t\t<p><span style=\"text-transform: var(--body-text-transform); color: var( --e-global-color-text );\">\u2022 <\/span><span style=\"background-color: var(--body-bg-color); text-transform: var(--body-text-transform);\">A tout type d\u2019acteur culturel ou d\u2019artiste qui souhaite recourir \u00e0 l&#8217;avis d&#8217;experts pour acc\u00e9l\u00e9rer et renforcer le d\u00e9veloppement de son projet professionnel<\/span><\/p><p>\u00a0<\/p>\t\t\t\t\t\t\t\t<\/div>\n\t\t\t\t<\/div>\n\t\t\t\t<div class=\"elementor-element elementor-element-c6b66ea elementor-widget elementor-widget-image\" data-id=\"c6b66ea\" data-element_type=\"widget\" data-e-type=\"widget\" data-widget_type=\"image.default\">\n\t\t\t\t<div class=\"elementor-widget-container\">\n\t\t\t\t\t\t\t\t\t\t\t\t\t\t\t<img decoding=\"async\" src=\"https:\/\/www.proarti.fr\/services\/wp-content\/uploads\/elementor\/thumbs\/cropped-proartischool_small-q00qecsytq8c1kxxp80bqlti7arz3s3a7ap1ngrmds.jpg\" title=\"proartischool\" alt=\"proartischool\" loading=\"lazy\" \/>\t\t\t\t\t\t\t\t\t\t\t\t\t\t\t<\/div>\n\t\t\t\t<\/div>\n\t\t\t\t\t<\/div>\n\t\t<\/div>\n\t\t\t\t\t<\/div>\n\t\t<\/section>\n\t\t\t\t<div class=\"elementor-element elementor-element-d6907ae elementor-align-center elementor-widget elementor-widget-button\" data-id=\"d6907ae\" data-element_type=\"widget\" data-e-type=\"widget\" data-widget_type=\"button.default\">\n\t\t\t\t<div class=\"elementor-widget-container\">\n\t\t\t\t\t\t\t\t\t<div class=\"elementor-button-wrapper\">\n\t\t\t\t\t<a class=\"elementor-button elementor-button-link elementor-size-sm\" href=\"https:\/\/www.proarti.fr\/services\/contact\/\">\n\t\t\t\t\t\t<span class=\"elementor-button-content-wrapper\">\n\t\t\t\t\t\t\t\t\t<span class=\"elementor-button-text\">Suivre le programme<\/span>\n\t\t\t\t\t<\/span>\n\t\t\t\t\t<\/a>\n\t\t\t\t<\/div>\n\t\t\t\t\t\t\t\t<\/div>\n\t\t\t\t<\/div>\n\t\t\t\t\t<\/div>\n\t\t<\/div>\n\t\t\t\t\t<\/div>\n\t\t<\/section>\n\t\t\t\t<section class=\"elementor-section elementor-top-section elementor-element elementor-element-249bd1f elementor-section-boxed elementor-section-height-default elementor-section-height-default\" data-id=\"249bd1f\" data-element_type=\"section\" data-e-type=\"section\">\n\t\t\t\t\t\t<div class=\"elementor-container elementor-column-gap-default\">\n\t\t\t\t\t<div class=\"elementor-column elementor-col-100 elementor-top-column elementor-element elementor-element-d86784c\" data-id=\"d86784c\" data-element_type=\"column\" data-e-type=\"column\">\n\t\t\t<div class=\"elementor-widget-wrap elementor-element-populated\">\n\t\t\t\t\t\t<div class=\"elementor-element elementor-element-6f94db2 elementor-widget elementor-widget-spacer\" data-id=\"6f94db2\" data-element_type=\"widget\" data-e-type=\"widget\" data-widget_type=\"spacer.default\">\n\t\t\t\t<div class=\"elementor-widget-container\">\n\t\t\t\t\t\t\t<div class=\"elementor-spacer\">\n\t\t\t<div class=\"elementor-spacer-inner\"><\/div>\n\t\t<\/div>\n\t\t\t\t\t\t<\/div>\n\t\t\t\t<\/div>\n\t\t\t\t<div class=\"elementor-element elementor-element-81fcf86 elementor-widget elementor-widget-heading\" data-id=\"81fcf86\" data-element_type=\"widget\" data-e-type=\"widget\" data-widget_type=\"heading.default\">\n\t\t\t\t<div class=\"elementor-widget-container\">\n\t\t\t\t\t<h2 class=\"elementor-heading-title elementor-size-default\">M\u00e9thode mobilis\u00e9e<\/h2>\t\t\t\t<\/div>\n\t\t\t\t<\/div>\n\t\t\t\t<div class=\"elementor-element elementor-element-8e8f90c elementor-widget elementor-widget-text-editor\" data-id=\"8e8f90c\" data-element_type=\"widget\" data-e-type=\"widget\" data-widget_type=\"text-editor.default\">\n\t\t\t\t<div class=\"elementor-widget-container\">\n\t\t\t\t\t\t\t\t\t<p class=\"_04xlpA direction-ltr align-start para-style-body\">Dans un premier temps, le formateur \u00e9change avec le porteur de projet afin d&#8217;\u00e9valuer sa situation, ses besoins et attentes vis \u00e0 vis du programme.<\/p><p class=\"_04xlpA direction-ltr align-start para-style-body\">S&#8217;ensuit une session de pitchs du porteur devant le formateur et un ou plusieurs professionnels. Ces derniers partent de la pr\u00e9sentation et des exp\u00e9riences de l&#8217;apprenant, afin de formaliser des retours concrets.<\/p>\t\t\t\t\t\t\t\t<\/div>\n\t\t\t\t<\/div>\n\t\t\t\t<div class=\"elementor-element elementor-element-1fb2682 elementor-widget elementor-widget-spacer\" data-id=\"1fb2682\" data-element_type=\"widget\" data-e-type=\"widget\" data-widget_type=\"spacer.default\">\n\t\t\t\t<div class=\"elementor-widget-container\">\n\t\t\t\t\t\t\t<div class=\"elementor-spacer\">\n\t\t\t<div class=\"elementor-spacer-inner\"><\/div>\n\t\t<\/div>\n\t\t\t\t\t\t<\/div>\n\t\t\t\t<\/div>\n\t\t\t\t<div class=\"elementor-element elementor-element-c43460a elementor-widget elementor-widget-heading\" data-id=\"c43460a\" data-element_type=\"widget\" data-e-type=\"widget\" data-widget_type=\"heading.default\">\n\t\t\t\t<div class=\"elementor-widget-container\">\n\t\t\t\t\t<h2 class=\"elementor-heading-title elementor-size-default\">Modalit\u00e9s d\u2019\u00e9valuation<\/h2>\t\t\t\t<\/div>\n\t\t\t\t<\/div>\n\t\t\t\t<div class=\"elementor-element elementor-element-baa760c elementor-widget elementor-widget-text-editor\" data-id=\"baa760c\" data-element_type=\"widget\" data-e-type=\"widget\" data-widget_type=\"text-editor.default\">\n\t\t\t\t<div class=\"elementor-widget-container\">\n\t\t\t\t\t\t\t\t\t<p class=\"_04xlpA direction-ltr align-start para-style-body\"><span class=\"WdYUQQ text-decoration-none text-strikethrough-none\">A la fin du programme, un questionnaire d\u2019\u00e9valuation, sous la <\/span><span class=\"WdYUQQ text-decoration-none text-strikethrough-none\">forme d\u2019un Google Form, sera soumis au stagiaire pour s&#8217;assurer de la pertinence du programme pour ce dernier et recueillir son appr\u00e9ciation, dans une logique d&#8217;am\u00e9lioration continue.<\/span><\/p>\t\t\t\t\t\t\t\t<\/div>\n\t\t\t\t<\/div>\n\t\t\t\t<div class=\"elementor-element elementor-element-adb905a elementor-widget elementor-widget-spacer\" data-id=\"adb905a\" data-element_type=\"widget\" data-e-type=\"widget\" data-widget_type=\"spacer.default\">\n\t\t\t\t<div class=\"elementor-widget-container\">\n\t\t\t\t\t\t\t<div class=\"elementor-spacer\">\n\t\t\t<div class=\"elementor-spacer-inner\"><\/div>\n\t\t<\/div>\n\t\t\t\t\t\t<\/div>\n\t\t\t\t<\/div>\n\t\t\t\t\t<\/div>\n\t\t<\/div>\n\t\t\t\t\t<\/div>\n\t\t<\/section>\n\t\t\t\t<section class=\"elementor-section elementor-top-section elementor-element elementor-element-e924360 elementor-section-boxed elementor-section-height-default elementor-section-height-default\" data-id=\"e924360\" data-element_type=\"section\" data-e-type=\"section\" data-settings=\"{&quot;background_background&quot;:&quot;classic&quot;}\">\n\t\t\t\t\t\t<div class=\"elementor-container elementor-column-gap-no\">\n\t\t\t\t\t<div class=\"elementor-column elementor-col-100 elementor-top-column elementor-element elementor-element-f73316c\" data-id=\"f73316c\" data-element_type=\"column\" data-e-type=\"column\">\n\t\t\t<div class=\"elementor-widget-wrap elementor-element-populated\">\n\t\t\t\t\t\t<div class=\"elementor-element elementor-element-1d150e0 elementor-testimonial--skin-default elementor-testimonial--layout-image_inline elementor-testimonial--align-center elementor-pagination-type-bullets elementor-widget elementor-widget-testimonial-carousel\" data-id=\"1d150e0\" data-element_type=\"widget\" data-e-type=\"widget\" data-settings=\"{&quot;space_between&quot;:{&quot;unit&quot;:&quot;px&quot;,&quot;size&quot;:0,&quot;sizes&quot;:[]},&quot;pagination&quot;:&quot;bullets&quot;,&quot;speed&quot;:500,&quot;autoplay&quot;:&quot;yes&quot;,&quot;autoplay_speed&quot;:5000,&quot;loop&quot;:&quot;yes&quot;,&quot;pause_on_hover&quot;:&quot;yes&quot;,&quot;pause_on_interaction&quot;:&quot;yes&quot;,&quot;space_between_laptop&quot;:{&quot;unit&quot;:&quot;px&quot;,&quot;size&quot;:10,&quot;sizes&quot;:[]},&quot;space_between_tablet&quot;:{&quot;unit&quot;:&quot;px&quot;,&quot;size&quot;:10,&quot;sizes&quot;:[]},&quot;space_between_mobile_extra&quot;:{&quot;unit&quot;:&quot;px&quot;,&quot;size&quot;:10,&quot;sizes&quot;:[]},&quot;space_between_mobile&quot;:{&quot;unit&quot;:&quot;px&quot;,&quot;size&quot;:10,&quot;sizes&quot;:[]}}\" data-widget_type=\"testimonial-carousel.default\">\n\t\t\t\t<div class=\"elementor-widget-container\">\n\t\t\t\t\t\t\t\t\t<div class=\"elementor-swiper\">\n\t\t\t\t\t<div class=\"elementor-main-swiper swiper\" role=\"region\" aria-roledescription=\"carousel\" aria-label=\"Slides\">\n\t\t\t\t<div class=\"swiper-wrapper\">\n\t\t\t\t\t\t\t\t\t\t\t<div class=\"swiper-slide\" role=\"group\" aria-roledescription=\"slide\">\n\t\t\t\t\t\t\t\t\t<div class=\"elementor-testimonial\">\n\t\t\t\t\t\t\t<div class=\"elementor-testimonial__content\">\n\t\t\t\t\t<div class=\"elementor-testimonial__text\">\n\t\t\t\t\t\tLe formateur\t\t\t\t\t<\/div>\n\t\t\t\t\t\t\t\t\t<\/div>\n\t\t\t\t\t\t<div class=\"elementor-testimonial__footer\">\n\t\t\t\t\t\t\t\t\t<div class=\"elementor-testimonial__image\">\n\t\t\t\t\t\t<img decoding=\"async\" src=\"https:\/\/www.proarti.fr\/services\/wp-content\/uploads\/2023\/04\/photo-GH-light.jpg\" alt=\"Gr\u00e9goire Harel\">\n\t\t\t\t\t\t\t\t\t\t\t<\/div>\n\t\t\t\t\t\t\t\t<cite class=\"elementor-testimonial__cite\"><span class=\"elementor-testimonial__name\">Gr\u00e9goire Harel<\/span><span class=\"elementor-testimonial__title\">Directeur Proarti<\/span><\/cite>\t\t\t<\/div>\n\t\t<\/div>\n\t\t\t\t\t\t\t\t<\/div>\n\t\t\t\t\t\t\t\t\t<\/div>\n\t\t\t\t\t\t\t<\/div>\n\t\t\t\t<\/div>\n\t\t\t\t\t\t\t\t<\/div>\n\t\t\t\t<\/div>\n\t\t\t\t<div class=\"elementor-element elementor-element-e1bf741 elementor-widget elementor-widget-text-editor\" data-id=\"e1bf741\" data-element_type=\"widget\" data-e-type=\"widget\" data-widget_type=\"text-editor.default\">\n\t\t\t\t<div class=\"elementor-widget-container\">\n\t\t\t\t\t\t\t\t\t<p class=\"_04xlpA direction-ltr align-start para-style-body\"><span class=\"WdYUQQ text-decoration-none text-strikethrough-none\">Gr\u00e9goire Harel est \u00e0 l\u2019origine du fonds proarti. Apr\u00e8s avoir\u00a0<\/span><span class=\"WdYUQQ text-decoration-none text-strikethrough-none\">dirig\u00e9 le bureau du spectacle vivant \u00e0 la mairie de Paris, il\u00a0<\/span><span class=\"WdYUQQ text-decoration-none text-strikethrough-none\">se tourne vers la construction europ\u00e9enne au minist\u00e8re des\u00a0<\/span><span class=\"WdYUQQ text-decoration-none text-strikethrough-none\">Affaires \u00e9trang\u00e8res pendant cinq ans. D\u00e9sireux de retrouver le\u00a0<\/span><span class=\"WdYUQQ text-decoration-none text-strikethrough-none\">milieu culturel, Gr\u00e9goire Harel devient en 2007 administrateur de la saison culturelle europ\u00e9enne \u00e0 l\u2019Institut fran\u00e7ais puis directeur de cabinet de la pr\u00e9sidente \u00e0 Universcience. Il dirige depuis janvier 2012 La Fa\u00efencerie th\u00e9\u00e2tre \u00e0 Creil.<\/span><\/p><p class=\"_04xlpA direction-ltr align-start para-style-body\"><span class=\"WdYUQQ text-decoration-none text-strikethrough-none\">Pr\u00e9sident depuis 2002 de Micadanses, Association de d\u00e9veloppement de<\/span>\u00a0<span class=\"WdYUQQ text-decoration-none text-strikethrough-none\">la danse, Gr\u00e9goire a toujours eu \u00e0 c\u0153ur le soutien \u00e0 la cr\u00e9ation et \u00e0 la diversit\u00e9 culturelle. Dipl\u00f4m\u00e9 de l\u2019Ecole nationale d\u2019Administration, de l\u2019Universit\u00e9 de Cambridge et de l\u2019IEP de Paris, il met son exp\u00e9rience de gestion\u00a0<\/span><span class=\"WdYUQQ text-decoration-none text-strikethrough-none\">d\u2019op\u00e9rateurs culturels publics et de d\u00e9veloppement de projets publics\/priv\u00e9s au service de proarti<\/span><span class=\"WdYUQQ text-decoration-none text-strikethrough-none\">. Il a con\u00e7u les programmes de la proarti school et intervient r\u00e9guli\u00e8rement lors des formations pour partager son exp\u00e9rience.<\/span><\/p>\t\t\t\t\t\t\t\t<\/div>\n\t\t\t\t<\/div>\n\t\t\t\t<div class=\"elementor-element elementor-element-12850dd elementor-widget elementor-widget-spacer\" data-id=\"12850dd\" data-element_type=\"widget\" data-e-type=\"widget\" data-widget_type=\"spacer.default\">\n\t\t\t\t<div class=\"elementor-widget-container\">\n\t\t\t\t\t\t\t<div class=\"elementor-spacer\">\n\t\t\t<div class=\"elementor-spacer-inner\"><\/div>\n\t\t<\/div>\n\t\t\t\t\t\t<\/div>\n\t\t\t\t<\/div>\n\t\t\t\t<div class=\"elementor-element elementor-element-6f93e53 elementor-align-center elementor-widget elementor-widget-button\" data-id=\"6f93e53\" data-element_type=\"widget\" data-e-type=\"widget\" data-widget_type=\"button.default\">\n\t\t\t\t<div class=\"elementor-widget-container\">\n\t\t\t\t\t\t\t\t\t<div class=\"elementor-button-wrapper\">\n\t\t\t\t\t<a class=\"elementor-button elementor-button-link elementor-size-sm\" href=\"mailto:contact@proarti.org\">\n\t\t\t\t\t\t<span class=\"elementor-button-content-wrapper\">\n\t\t\t\t\t\t\t\t\t<span class=\"elementor-button-text\">Contacter<\/span>\n\t\t\t\t\t<\/span>\n\t\t\t\t\t<\/a>\n\t\t\t\t<\/div>\n\t\t\t\t\t\t\t\t<\/div>\n\t\t\t\t<\/div>\n\t\t\t\t\t<\/div>\n\t\t<\/div>\n\t\t\t\t\t<\/div>\n\t\t<\/section>\n\t\t\t\t<section class=\"elementor-section elementor-top-section elementor-element elementor-element-6b64612 elementor-section-boxed elementor-section-height-default elementor-section-height-default\" data-id=\"6b64612\" data-element_type=\"section\" data-e-type=\"section\">\n\t\t\t\t\t\t<div class=\"elementor-container elementor-column-gap-default\">\n\t\t\t\t\t<div class=\"elementor-column elementor-col-100 elementor-top-column elementor-element elementor-element-0ee968a\" data-id=\"0ee968a\" data-element_type=\"column\" data-e-type=\"column\">\n\t\t\t<div class=\"elementor-widget-wrap elementor-element-populated\">\n\t\t\t\t\t\t<div class=\"elementor-element elementor-element-467e834 elementor-widget elementor-widget-spacer\" data-id=\"467e834\" data-element_type=\"widget\" data-e-type=\"widget\" data-widget_type=\"spacer.default\">\n\t\t\t\t<div class=\"elementor-widget-container\">\n\t\t\t\t\t\t\t<div class=\"elementor-spacer\">\n\t\t\t<div class=\"elementor-spacer-inner\"><\/div>\n\t\t<\/div>\n\t\t\t\t\t\t<\/div>\n\t\t\t\t<\/div>\n\t\t\t\t\t<\/div>\n\t\t<\/div>\n\t\t\t\t\t<\/div>\n\t\t<\/section>\n\t\t\t\t<section class=\"elementor-section elementor-top-section elementor-element elementor-element-dda64fa elementor-section-boxed elementor-section-height-default elementor-section-height-default\" data-id=\"dda64fa\" data-element_type=\"section\" data-e-type=\"section\">\n\t\t\t\t\t\t<div class=\"elementor-container elementor-column-gap-default\">\n\t\t\t\t\t<div class=\"elementor-column elementor-col-100 elementor-top-column elementor-element elementor-element-3bda2ce\" data-id=\"3bda2ce\" data-element_type=\"column\" data-e-type=\"column\">\n\t\t\t<div class=\"elementor-widget-wrap elementor-element-populated\">\n\t\t\t\t\t\t<div class=\"elementor-element elementor-element-ee40b2e elementor-widget elementor-widget-heading\" data-id=\"ee40b2e\" data-element_type=\"widget\" data-e-type=\"widget\" data-widget_type=\"heading.default\">\n\t\t\t\t<div class=\"elementor-widget-container\">\n\t\t\t\t\t<h2 class=\"elementor-heading-title elementor-size-default\">Notre adresse : \n<\/h2>\t\t\t\t<\/div>\n\t\t\t\t<\/div>\n\t\t\t\t\t<\/div>\n\t\t<\/div>\n\t\t\t\t\t<\/div>\n\t\t<\/section>\n\t\t\t\t<section class=\"elementor-section elementor-top-section elementor-element elementor-element-11d6b78 elementor-section-boxed elementor-section-height-default elementor-section-height-default\" data-id=\"11d6b78\" data-element_type=\"section\" data-e-type=\"section\">\n\t\t\t\t\t\t<div class=\"elementor-container elementor-column-gap-default\">\n\t\t\t\t\t<div class=\"elementor-column elementor-col-100 elementor-top-column elementor-element elementor-element-9348a89\" data-id=\"9348a89\" data-element_type=\"column\" data-e-type=\"column\">\n\t\t\t<div class=\"elementor-widget-wrap elementor-element-populated\">\n\t\t\t\t\t\t<div class=\"elementor-element elementor-element-ff56cd6 elementor-widget elementor-widget-spacer\" data-id=\"ff56cd6\" data-element_type=\"widget\" data-e-type=\"widget\" data-widget_type=\"spacer.default\">\n\t\t\t\t<div class=\"elementor-widget-container\">\n\t\t\t\t\t\t\t<div class=\"elementor-spacer\">\n\t\t\t<div class=\"elementor-spacer-inner\"><\/div>\n\t\t<\/div>\n\t\t\t\t\t\t<\/div>\n\t\t\t\t<\/div>\n\t\t\t\t<div class=\"elementor-element elementor-element-c6d1b08 elementor-widget__width-initial elementor-widget elementor-widget-google_maps\" data-id=\"c6d1b08\" data-element_type=\"widget\" data-e-type=\"widget\" data-widget_type=\"google_maps.default\">\n\t\t\t\t<div class=\"elementor-widget-container\">\n\t\t\t\t\t\t\t<div class=\"elementor-custom-embed\">\n\t\t\t<iframe loading=\"lazy\"\n\t\t\t\t\tsrc=\"https:\/\/maps.google.com\/maps?q=7%20rue%20bachelet&#038;t=m&#038;z=12&#038;output=embed&#038;iwloc=near\"\n\t\t\t\t\ttitle=\"7 rue bachelet\"\n\t\t\t\t\taria-label=\"7 rue bachelet\"\n\t\t\t><\/iframe>\n\t\t<\/div>\n\t\t\t\t\t\t<\/div>\n\t\t\t\t<\/div>\n\t\t\t\t\t<\/div>\n\t\t<\/div>\n\t\t\t\t\t<\/div>\n\t\t<\/section>\n\t\t\t\t<section class=\"elementor-section elementor-top-section elementor-element elementor-element-2d12306 elementor-section-boxed elementor-section-height-default elementor-section-height-default\" data-id=\"2d12306\" data-element_type=\"section\" data-e-type=\"section\">\n\t\t\t\t\t\t<div class=\"elementor-container elementor-column-gap-default\">\n\t\t\t\t\t<div class=\"elementor-column elementor-col-100 elementor-top-column elementor-element elementor-element-c879003\" data-id=\"c879003\" data-element_type=\"column\" data-e-type=\"column\">\n\t\t\t<div class=\"elementor-widget-wrap elementor-element-populated\">\n\t\t\t\t\t\t<div class=\"elementor-element elementor-element-98681a3 elementor-widget elementor-widget-spacer\" data-id=\"98681a3\" data-element_type=\"widget\" data-e-type=\"widget\" data-widget_type=\"spacer.default\">\n\t\t\t\t<div class=\"elementor-widget-container\">\n\t\t\t\t\t\t\t<div class=\"elementor-spacer\">\n\t\t\t<div class=\"elementor-spacer-inner\"><\/div>\n\t\t<\/div>\n\t\t\t\t\t\t<\/div>\n\t\t\t\t<\/div>\n\t\t\t\t\t<\/div>\n\t\t<\/div>\n\t\t\t\t\t<\/div>\n\t\t<\/section>\n\t\t\t\t<section class=\"elementor-section elementor-top-section elementor-element elementor-element-3583935 elementor-section-boxed elementor-section-height-default elementor-section-height-default\" data-id=\"3583935\" data-element_type=\"section\" data-e-type=\"section\">\n\t\t\t\t\t\t<div class=\"elementor-container elementor-column-gap-default\">\n\t\t\t\t\t<div class=\"elementor-column elementor-col-100 elementor-top-column elementor-element elementor-element-3cd366b\" data-id=\"3cd366b\" data-element_type=\"column\" data-e-type=\"column\">\n\t\t\t<div class=\"elementor-widget-wrap elementor-element-populated\">\n\t\t\t\t\t\t<div class=\"elementor-element elementor-element-9b08ca8 elementor-widget elementor-widget-text-editor\" data-id=\"9b08ca8\" data-element_type=\"widget\" data-e-type=\"widget\" data-widget_type=\"text-editor.default\">\n\t\t\t\t<div class=\"elementor-widget-container\">\n\t\t\t\t\t\t\t\t\t<p>\u2022 <strong>M\u00e9tro<\/strong> :<\/p><p>Ch\u00e2teau Rouge, Ligne 4 Anvers, Ligne 2<\/p><p>Lamarck-Caulaincourt, Ligne 12<\/p><p>\u2022 <strong>Bus<\/strong> :<\/p><p>Ch\u00e2teau Rouge, Lignes 31et 56<\/p><p>Lamarck-Caulaincourt, Lignes 40 et 80<\/p><p><b><span class=\"WdYUQQ text-decoration-none text-strikethrough-none\">\u2022 <\/span>Actions mises en \u0153uvre pour les personnes en situation de handicap :<\/b><\/p><p><span style=\"text-decoration: underline;\">Accompagnement personnalis\u00e9 si besoin<\/span> :<span style=\"font-weight: 400;\"> mise en place d&#8217;un accompagnement incluant des adaptations p\u00e9dagogiques et mat\u00e9rielles selon les situations. Pour les personnes malentendantes, nos formations en ligne pr\u00e9sentent des contenus adapt\u00e9s, avec l&#8217;int\u00e9gralit\u00e9 des contenus sous-titr\u00e9s.\u00a0\u00a0<br \/><\/span><\/p><p><span style=\"text-decoration: underline;\">Accessibilit\u00e9 des locaux<\/span> :<span style=\"font-weight: 400;\"> Proarti veille \u00e0 ce que tous les locaux soient accessibles aux personnes \u00e0 mobilit\u00e9 r\u00e9duite, avec des \u00e9quipements adapt\u00e9s. <span class=\"WdYUQQ text-decoration-none text-strikethrough-none\">Et toutes nos formations peuvent \u00e9galement se tenir en visioconf\u00e9rence.\u00a0<\/span><\/span><\/p><p>\u00a0<\/p>\t\t\t\t\t\t\t\t<\/div>\n\t\t\t\t<\/div>\n\t\t\t\t\t<\/div>\n\t\t<\/div>\n\t\t\t\t\t<\/div>\n\t\t<\/section>\n\t\t\t\t<\/div>\n\t\t","protected":false},"excerpt":{"rendered":"<p>Aller plus loin avec le programme d&#8217;accompagnement de mentorat Le programme au service de son projet artistique et culturel Ce<\/p>\n","protected":false},"author":34,"featured_media":0,"parent":0,"menu_order":0,"comment_status":"closed","ping_status":"closed","template":"elementor_header_footer","meta":{"_tutorstarter_page_metadata":[],"footnotes":""},"class_list":["post-8930","page","type-page","status-publish","hentry"],"yoast_head":"<!-- This site is optimized with the Yoast SEO plugin v26.8 - https:\/\/yoast.com\/product\/yoast-seo-wordpress\/ -->\n<title>Mentorat - Proarti services<\/title>\n<meta name=\"robots\" content=\"index, follow, max-snippet:-1, max-image-preview:large, max-video-preview:-1\" \/>\n<link rel=\"canonical\" href=\"https:\/\/www.proarti.fr\/services\/mentorat\/\" \/>\n<meta property=\"og:locale\" content=\"en_US\" \/>\n<meta property=\"og:type\" content=\"article\" \/>\n<meta property=\"og:title\" content=\"Mentorat - Proarti services\" \/>\n<meta property=\"og:description\" content=\"Aller plus loin avec le programme d&#8217;accompagnement de mentorat Le programme au service de son projet artistique et culturel Ce\" \/>\n<meta property=\"og:url\" content=\"https:\/\/www.proarti.fr\/services\/mentorat\/\" \/>\n<meta property=\"og:site_name\" content=\"Proarti services\" \/>\n<meta property=\"article:modified_time\" content=\"2024-10-15T15:44:26+00:00\" \/>\n<meta property=\"og:image\" content=\"https:\/\/www.proarti.fr\/services\/wp-content\/uploads\/elementor\/thumbs\/cropped-proartischool_small-q00qecsytq8c1kxxp80bqlti7arz3s3a7ap1ngrme2.jpg\" \/>\n<meta name=\"twitter:card\" content=\"summary_large_image\" \/>\n<meta name=\"twitter:label1\" content=\"Est. reading time\" \/>\n\t<meta name=\"twitter:data1\" content=\"4 minutes\" \/>\n<script type=\"application\/ld+json\" class=\"yoast-schema-graph\">{\"@context\":\"https:\/\/schema.org\",\"@graph\":[{\"@type\":\"WebPage\",\"@id\":\"https:\/\/www.proarti.fr\/services\/mentorat\/\",\"url\":\"https:\/\/www.proarti.fr\/services\/mentorat\/\",\"name\":\"Mentorat - Proarti services\",\"isPartOf\":{\"@id\":\"https:\/\/www.proarti.fr\/services\/#website\"},\"primaryImageOfPage\":{\"@id\":\"https:\/\/www.proarti.fr\/services\/mentorat\/#primaryimage\"},\"image\":{\"@id\":\"https:\/\/www.proarti.fr\/services\/mentorat\/#primaryimage\"},\"thumbnailUrl\":\"https:\/\/www.proarti.fr\/services\/wp-content\/uploads\/elementor\/thumbs\/cropped-proartischool_small-q00qecsytq8c1kxxp80bqlti7arz3s3a7ap1ngrme2.jpg\",\"datePublished\":\"2023-06-11T23:36:21+00:00\",\"dateModified\":\"2024-10-15T15:44:26+00:00\",\"breadcrumb\":{\"@id\":\"https:\/\/www.proarti.fr\/services\/mentorat\/#breadcrumb\"},\"inLanguage\":\"en-US\",\"potentialAction\":[{\"@type\":\"ReadAction\",\"target\":[\"https:\/\/www.proarti.fr\/services\/mentorat\/\"]}]},{\"@type\":\"ImageObject\",\"inLanguage\":\"en-US\",\"@id\":\"https:\/\/www.proarti.fr\/services\/mentorat\/#primaryimage\",\"url\":\"https:\/\/www.proarti.fr\/services\/wp-content\/uploads\/elementor\/thumbs\/cropped-proartischool_small-q00qecsytq8c1kxxp80bqlti7arz3s3a7ap1ngrme2.jpg\",\"contentUrl\":\"https:\/\/www.proarti.fr\/services\/wp-content\/uploads\/elementor\/thumbs\/cropped-proartischool_small-q00qecsytq8c1kxxp80bqlti7arz3s3a7ap1ngrme2.jpg\"},{\"@type\":\"BreadcrumbList\",\"@id\":\"https:\/\/www.proarti.fr\/services\/mentorat\/#breadcrumb\",\"itemListElement\":[{\"@type\":\"ListItem\",\"position\":1,\"name\":\"Accueil\",\"item\":\"https:\/\/www.proarti.fr\/services\/accueil-service-nouveau\/\"},{\"@type\":\"ListItem\",\"position\":2,\"name\":\"Mentorat\"}]},{\"@type\":\"WebSite\",\"@id\":\"https:\/\/www.proarti.fr\/services\/#website\",\"url\":\"https:\/\/www.proarti.fr\/services\/\",\"name\":\"Proarti services\",\"description\":\"Plateforme d&#039;apprentissage destin\u00e9e au monde de la culture\",\"publisher\":{\"@id\":\"https:\/\/www.proarti.fr\/services\/#organization\"},\"potentialAction\":[{\"@type\":\"SearchAction\",\"target\":{\"@type\":\"EntryPoint\",\"urlTemplate\":\"https:\/\/www.proarti.fr\/services\/?s={search_term_string}\"},\"query-input\":{\"@type\":\"PropertyValueSpecification\",\"valueRequired\":true,\"valueName\":\"search_term_string\"}}],\"inLanguage\":\"en-US\"},{\"@type\":\"Organization\",\"@id\":\"https:\/\/www.proarti.fr\/services\/#organization\",\"name\":\"Proarti services\",\"url\":\"https:\/\/www.proarti.fr\/services\/\",\"logo\":{\"@type\":\"ImageObject\",\"inLanguage\":\"en-US\",\"@id\":\"https:\/\/www.proarti.fr\/services\/#\/schema\/logo\/image\/\",\"url\":\"https:\/\/www.proarti.fr\/services\/wp-content\/uploads\/2022\/08\/cropped-cropped-Logoproarti-small.png\",\"contentUrl\":\"https:\/\/www.proarti.fr\/services\/wp-content\/uploads\/2022\/08\/cropped-cropped-Logoproarti-small.png\",\"width\":200,\"height\":100,\"caption\":\"Proarti services\"},\"image\":{\"@id\":\"https:\/\/www.proarti.fr\/services\/#\/schema\/logo\/image\/\"}}]}<\/script>\n<!-- \/ Yoast SEO plugin. -->","yoast_head_json":{"title":"Mentorat - Proarti services","robots":{"index":"index","follow":"follow","max-snippet":"max-snippet:-1","max-image-preview":"max-image-preview:large","max-video-preview":"max-video-preview:-1"},"canonical":"https:\/\/www.proarti.fr\/services\/mentorat\/","og_locale":"en_US","og_type":"article","og_title":"Mentorat - Proarti services","og_description":"Aller plus loin avec le programme d&#8217;accompagnement de mentorat Le programme au service de son projet artistique et culturel Ce","og_url":"https:\/\/www.proarti.fr\/services\/mentorat\/","og_site_name":"Proarti services","article_modified_time":"2024-10-15T15:44:26+00:00","og_image":[{"url":"https:\/\/www.proarti.fr\/services\/wp-content\/uploads\/elementor\/thumbs\/cropped-proartischool_small-q00qecsytq8c1kxxp80bqlti7arz3s3a7ap1ngrme2.jpg","type":"","width":"","height":""}],"twitter_card":"summary_large_image","twitter_misc":{"Est. reading time":"4 minutes"},"schema":{"@context":"https:\/\/schema.org","@graph":[{"@type":"WebPage","@id":"https:\/\/www.proarti.fr\/services\/mentorat\/","url":"https:\/\/www.proarti.fr\/services\/mentorat\/","name":"Mentorat - Proarti services","isPartOf":{"@id":"https:\/\/www.proarti.fr\/services\/#website"},"primaryImageOfPage":{"@id":"https:\/\/www.proarti.fr\/services\/mentorat\/#primaryimage"},"image":{"@id":"https:\/\/www.proarti.fr\/services\/mentorat\/#primaryimage"},"thumbnailUrl":"https:\/\/www.proarti.fr\/services\/wp-content\/uploads\/elementor\/thumbs\/cropped-proartischool_small-q00qecsytq8c1kxxp80bqlti7arz3s3a7ap1ngrme2.jpg","datePublished":"2023-06-11T23:36:21+00:00","dateModified":"2024-10-15T15:44:26+00:00","breadcrumb":{"@id":"https:\/\/www.proarti.fr\/services\/mentorat\/#breadcrumb"},"inLanguage":"en-US","potentialAction":[{"@type":"ReadAction","target":["https:\/\/www.proarti.fr\/services\/mentorat\/"]}]},{"@type":"ImageObject","inLanguage":"en-US","@id":"https:\/\/www.proarti.fr\/services\/mentorat\/#primaryimage","url":"https:\/\/www.proarti.fr\/services\/wp-content\/uploads\/elementor\/thumbs\/cropped-proartischool_small-q00qecsytq8c1kxxp80bqlti7arz3s3a7ap1ngrme2.jpg","contentUrl":"https:\/\/www.proarti.fr\/services\/wp-content\/uploads\/elementor\/thumbs\/cropped-proartischool_small-q00qecsytq8c1kxxp80bqlti7arz3s3a7ap1ngrme2.jpg"},{"@type":"BreadcrumbList","@id":"https:\/\/www.proarti.fr\/services\/mentorat\/#breadcrumb","itemListElement":[{"@type":"ListItem","position":1,"name":"Accueil","item":"https:\/\/www.proarti.fr\/services\/accueil-service-nouveau\/"},{"@type":"ListItem","position":2,"name":"Mentorat"}]},{"@type":"WebSite","@id":"https:\/\/www.proarti.fr\/services\/#website","url":"https:\/\/www.proarti.fr\/services\/","name":"Proarti services","description":"Plateforme d&#039;apprentissage destin\u00e9e au monde de la culture","publisher":{"@id":"https:\/\/www.proarti.fr\/services\/#organization"},"potentialAction":[{"@type":"SearchAction","target":{"@type":"EntryPoint","urlTemplate":"https:\/\/www.proarti.fr\/services\/?s={search_term_string}"},"query-input":{"@type":"PropertyValueSpecification","valueRequired":true,"valueName":"search_term_string"}}],"inLanguage":"en-US"},{"@type":"Organization","@id":"https:\/\/www.proarti.fr\/services\/#organization","name":"Proarti services","url":"https:\/\/www.proarti.fr\/services\/","logo":{"@type":"ImageObject","inLanguage":"en-US","@id":"https:\/\/www.proarti.fr\/services\/#\/schema\/logo\/image\/","url":"https:\/\/www.proarti.fr\/services\/wp-content\/uploads\/2022\/08\/cropped-cropped-Logoproarti-small.png","contentUrl":"https:\/\/www.proarti.fr\/services\/wp-content\/uploads\/2022\/08\/cropped-cropped-Logoproarti-small.png","width":200,"height":100,"caption":"Proarti services"},"image":{"@id":"https:\/\/www.proarti.fr\/services\/#\/schema\/logo\/image\/"}}]}},"_links":{"self":[{"href":"https:\/\/www.proarti.fr\/services\/wp-json\/wp\/v2\/pages\/8930","targetHints":{"allow":["GET"]}}],"collection":[{"href":"https:\/\/www.proarti.fr\/services\/wp-json\/wp\/v2\/pages"}],"about":[{"href":"https:\/\/www.proarti.fr\/services\/wp-json\/wp\/v2\/types\/page"}],"author":[{"embeddable":true,"href":"https:\/\/www.proarti.fr\/services\/wp-json\/wp\/v2\/users\/34"}],"replies":[{"embeddable":true,"href":"https:\/\/www.proarti.fr\/services\/wp-json\/wp\/v2\/comments?post=8930"}],"version-history":[{"count":38,"href":"https:\/\/www.proarti.fr\/services\/wp-json\/wp\/v2\/pages\/8930\/revisions"}],"predecessor-version":[{"id":12512,"href":"https:\/\/www.proarti.fr\/services\/wp-json\/wp\/v2\/pages\/8930\/revisions\/12512"}],"wp:attachment":[{"href":"https:\/\/www.proarti.fr\/services\/wp-json\/wp\/v2\/media?parent=8930"}],"curies":[{"name":"wp","href":"https:\/\/api.w.org\/{rel}","templated":true}]}}