{"id":11845,"date":"2024-09-21T11:32:45","date_gmt":"2024-09-21T09:32:45","guid":{"rendered":"https:\/\/www.proarti.fr\/services\/?page_id=11845"},"modified":"2025-05-27T14:58:26","modified_gmt":"2025-05-27T12:58:26","slug":"formation-communication-digitale","status":"publish","type":"page","link":"https:\/\/www.proarti.fr\/services\/formation-communication-digitale\/","title":{"rendered":"Formation Communication Digitale"},"content":{"rendered":"\t\t<div data-elementor-type=\"wp-page\" data-elementor-id=\"11845\" class=\"elementor elementor-11845\" data-elementor-post-type=\"page\">\n\t\t\t\t\t\t<section class=\"elementor-section elementor-top-section elementor-element elementor-element-21591f31 elementor-section-height-min-height elementor-section-content-middle elementor-section-boxed elementor-section-height-default elementor-section-items-middle\" data-id=\"21591f31\" data-element_type=\"section\" data-e-type=\"section\" data-settings=\"{&quot;background_background&quot;:&quot;classic&quot;}\">\n\t\t\t\t\t\t\t<div class=\"elementor-background-overlay\"><\/div>\n\t\t\t\t\t\t\t<div class=\"elementor-container elementor-column-gap-default\">\n\t\t\t\t\t<div class=\"elementor-column elementor-col-100 elementor-top-column elementor-element elementor-element-3df7413a\" data-id=\"3df7413a\" data-element_type=\"column\" data-e-type=\"column\">\n\t\t\t<div class=\"elementor-widget-wrap elementor-element-populated\">\n\t\t\t\t\t\t<div class=\"elementor-element elementor-element-69618eae elementor-widget elementor-widget-heading\" data-id=\"69618eae\" data-element_type=\"widget\" data-e-type=\"widget\" data-widget_type=\"heading.default\">\n\t\t\t\t<div class=\"elementor-widget-container\">\n\t\t\t\t\t<h1 class=\"elementor-heading-title elementor-size-small\">Formation <br>communication digitale<\/h1>\t\t\t\t<\/div>\n\t\t\t\t<\/div>\n\t\t\t\t\t<\/div>\n\t\t<\/div>\n\t\t\t\t\t<\/div>\n\t\t<\/section>\n\t\t\t\t<section class=\"elementor-section elementor-top-section elementor-element elementor-element-56e204e4 elementor-section-boxed elementor-section-height-default elementor-section-height-default\" data-id=\"56e204e4\" data-element_type=\"section\" data-e-type=\"section\">\n\t\t\t\t\t\t<div class=\"elementor-container elementor-column-gap-default\">\n\t\t\t\t\t<div class=\"elementor-column elementor-col-100 elementor-top-column elementor-element elementor-element-25f00944\" data-id=\"25f00944\" data-element_type=\"column\" data-e-type=\"column\">\n\t\t\t<div class=\"elementor-widget-wrap elementor-element-populated\">\n\t\t\t\t\t\t<div class=\"elementor-element elementor-element-213e40e4 elementor-widget elementor-widget-heading\" data-id=\"213e40e4\" data-element_type=\"widget\" data-e-type=\"widget\" data-widget_type=\"heading.default\">\n\t\t\t\t<div class=\"elementor-widget-container\">\n\t\t\t\t\t<h2 class=\"elementor-heading-title elementor-size-default\">Construire sa strat\u00e9gie de communication digitale sur les r\u00e9seaux sociaux\n<\/h2>\t\t\t\t<\/div>\n\t\t\t\t<\/div>\n\t\t\t\t<div class=\"elementor-element elementor-element-2ceb1537 elementor-widget elementor-widget-text-editor\" data-id=\"2ceb1537\" data-element_type=\"widget\" data-e-type=\"widget\" data-widget_type=\"text-editor.default\">\n\t\t\t\t<div class=\"elementor-widget-container\">\n\t\t\t\t\t\t\t\t\t<p><span class=\"color_19\">Cette formation propose au stagiaire d\u2019\u00e9laborer et de mettre en place tous les outils n\u00e9cessaires \u00e0 la construction d\u2019une strat\u00e9gie de communication adapt\u00e9e aux enjeux du num\u00e9rique.\u00a0<\/span><span class=\"color_19\">Toujours par le biais d\u2019exercices pratiques, le stagiaire acquiert de nouvelles comp\u00e9tences et peut ensuite \u00e9voluer en toute autonomie.<\/span><\/p>\t\t\t\t\t\t\t\t<\/div>\n\t\t\t\t<\/div>\n\t\t\t\t<div class=\"elementor-element elementor-element-794ec533 elementor-widget elementor-widget-spacer\" data-id=\"794ec533\" data-element_type=\"widget\" data-e-type=\"widget\" data-widget_type=\"spacer.default\">\n\t\t\t\t<div class=\"elementor-widget-container\">\n\t\t\t\t\t\t\t<div class=\"elementor-spacer\">\n\t\t\t<div class=\"elementor-spacer-inner\"><\/div>\n\t\t<\/div>\n\t\t\t\t\t\t<\/div>\n\t\t\t\t<\/div>\n\t\t\t\t<div class=\"elementor-element elementor-element-5b80e325 elementor-widget elementor-widget-heading\" data-id=\"5b80e325\" data-element_type=\"widget\" data-e-type=\"widget\" data-widget_type=\"heading.default\">\n\t\t\t\t<div class=\"elementor-widget-container\">\n\t\t\t\t\t<h2 class=\"elementor-heading-title elementor-size-default\">Les objectifs<\/h2>\t\t\t\t<\/div>\n\t\t\t\t<\/div>\n\t\t\t\t<div class=\"elementor-element elementor-element-2527c0a3 elementor-widget elementor-widget-text-editor\" data-id=\"2527c0a3\" data-element_type=\"widget\" data-e-type=\"widget\" data-widget_type=\"text-editor.default\">\n\t\t\t\t<div class=\"elementor-widget-container\">\n\t\t\t\t\t\t\t\t\t<p class=\"font_3\"><span class=\"color_19\">\u2022 Se rep\u00e9rer parmi les diff\u00e9rents outils de communication digitale pour choisir les plus adapt\u00e9s \u00e0 son projet et les ma\u00eetriser<\/span><\/p><p class=\"font_3\"><span class=\"color_19\">\u2022 Comprendre les enjeux de la communication digitale et d\u00e9finir sa strat\u00e9gie globale<\/span><\/p><p class=\"font_3\"><span class=\"color_19\">\u2022 Cr\u00e9er du contenu efficace et accro\u00eetre sa visibilit\u00e9<\/span><\/p><p class=\"font_3\"><span class=\"color_19\">\u2022 Attirer de nouvelles audiences<\/span><\/p><p class=\"font_3\"><span class=\"color_19\"><span class=\"wixGuard\">\u200b<\/span><\/span><\/p>\t\t\t\t\t\t\t\t<\/div>\n\t\t\t\t<\/div>\n\t\t\t\t\t<\/div>\n\t\t<\/div>\n\t\t\t\t\t<\/div>\n\t\t<\/section>\n\t\t\t\t<section class=\"elementor-section elementor-top-section elementor-element elementor-element-1165902e elementor-section-boxed elementor-section-height-default elementor-section-height-default\" data-id=\"1165902e\" data-element_type=\"section\" data-e-type=\"section\">\n\t\t\t\t\t\t<div class=\"elementor-container elementor-column-gap-default\">\n\t\t\t\t\t<div class=\"elementor-column elementor-col-100 elementor-top-column elementor-element elementor-element-5cda4a10\" data-id=\"5cda4a10\" data-element_type=\"column\" data-e-type=\"column\">\n\t\t\t<div class=\"elementor-widget-wrap elementor-element-populated\">\n\t\t\t\t\t\t<div class=\"elementor-element elementor-element-6d08221b elementor-widget elementor-widget-spacer\" data-id=\"6d08221b\" data-element_type=\"widget\" data-e-type=\"widget\" data-widget_type=\"spacer.default\">\n\t\t\t\t<div class=\"elementor-widget-container\">\n\t\t\t\t\t\t\t<div class=\"elementor-spacer\">\n\t\t\t<div class=\"elementor-spacer-inner\"><\/div>\n\t\t<\/div>\n\t\t\t\t\t\t<\/div>\n\t\t\t\t<\/div>\n\t\t\t\t\t<\/div>\n\t\t<\/div>\n\t\t\t\t\t<\/div>\n\t\t<\/section>\n\t\t\t\t<section class=\"elementor-section elementor-top-section elementor-element elementor-element-5e7e202c elementor-section-boxed elementor-section-height-default elementor-section-height-default\" data-id=\"5e7e202c\" data-element_type=\"section\" data-e-type=\"section\">\n\t\t\t\t\t\t<div class=\"elementor-container elementor-column-gap-default\">\n\t\t\t\t\t<div class=\"elementor-column elementor-col-100 elementor-top-column elementor-element elementor-element-23a3e413\" data-id=\"23a3e413\" data-element_type=\"column\" data-e-type=\"column\">\n\t\t\t<div class=\"elementor-widget-wrap elementor-element-populated\">\n\t\t\t\t\t\t<section class=\"elementor-section elementor-inner-section elementor-element elementor-element-529eac64 elementor-section-boxed elementor-section-height-default elementor-section-height-default\" data-id=\"529eac64\" data-element_type=\"section\" data-e-type=\"section\">\n\t\t\t\t\t\t<div class=\"elementor-container elementor-column-gap-default\">\n\t\t\t\t\t<div class=\"elementor-column elementor-col-50 elementor-inner-column elementor-element elementor-element-6e6f95ef\" data-id=\"6e6f95ef\" data-element_type=\"column\" data-e-type=\"column\">\n\t\t\t<div class=\"elementor-widget-wrap elementor-element-populated\">\n\t\t\t\t\t\t<div class=\"elementor-element elementor-element-3f93880a elementor-widget elementor-widget-heading\" data-id=\"3f93880a\" data-element_type=\"widget\" data-e-type=\"widget\" data-widget_type=\"heading.default\">\n\t\t\t\t<div class=\"elementor-widget-container\">\n\t\t\t\t\t<h2 class=\"elementor-heading-title elementor-size-default\">Les \u00e9l\u00e9ments du programme<\/h2>\t\t\t\t<\/div>\n\t\t\t\t<\/div>\n\t\t\t\t\t<\/div>\n\t\t<\/div>\n\t\t\t\t<div class=\"elementor-column elementor-col-50 elementor-inner-column elementor-element elementor-element-6dd09541\" data-id=\"6dd09541\" data-element_type=\"column\" data-e-type=\"column\">\n\t\t\t<div class=\"elementor-widget-wrap elementor-element-populated\">\n\t\t\t\t\t\t<div class=\"elementor-element elementor-element-51bf3c02 elementor-widget elementor-widget-heading\" data-id=\"51bf3c02\" data-element_type=\"widget\" data-e-type=\"widget\" data-widget_type=\"heading.default\">\n\t\t\t\t<div class=\"elementor-widget-container\">\n\t\t\t\t\t<h2 class=\"elementor-heading-title elementor-size-default\">\u00c0 qui s\u2019adresse cette formation ?<\/h2>\t\t\t\t<\/div>\n\t\t\t\t<\/div>\n\t\t\t\t\t<\/div>\n\t\t<\/div>\n\t\t\t\t\t<\/div>\n\t\t<\/section>\n\t\t\t\t<section class=\"elementor-section elementor-inner-section elementor-element elementor-element-6fa18da4 elementor-section-boxed elementor-section-height-default elementor-section-height-default\" data-id=\"6fa18da4\" data-element_type=\"section\" data-e-type=\"section\">\n\t\t\t\t\t\t<div class=\"elementor-container elementor-column-gap-default\">\n\t\t\t\t\t<div class=\"elementor-column elementor-col-50 elementor-inner-column elementor-element elementor-element-5a2f1e0c\" data-id=\"5a2f1e0c\" data-element_type=\"column\" data-e-type=\"column\">\n\t\t\t<div class=\"elementor-widget-wrap elementor-element-populated\">\n\t\t\t\t\t\t<div class=\"elementor-element elementor-element-b803368 elementor-widget elementor-widget-text-editor\" data-id=\"b803368\" data-element_type=\"widget\" data-e-type=\"widget\" data-widget_type=\"text-editor.default\">\n\t\t\t\t<div class=\"elementor-widget-container\">\n\t\t\t\t\t\t\t\t\t<p>\u2022 Introduction \u00e0 la communication digitale : d\u00e9finition, cadres et enjeux pour le secteur culturel<\/p><p>\u2022\u00a0Se rep\u00e9rer parmi les principaux canaux : sp\u00e9cificit\u00e9s de chaque outil et interactions possibles (sites internet, r\u00e9seaux sociaux)<\/p><p>\u2022\u00a0Bonnes pratiques des outils de la communication digitale<\/p><p>\u2022\u00a0Bonnes pratiques du community management<\/p><p>\u2022\u00a0Ma\u00eetriser des outils pour optimiser son temps : solutions de mailings et r\u00e9seaux sociaux faciles.<\/p>\t\t\t\t\t\t\t\t<\/div>\n\t\t\t\t<\/div>\n\t\t\t\t\t<\/div>\n\t\t<\/div>\n\t\t\t\t<div class=\"elementor-column elementor-col-50 elementor-inner-column elementor-element elementor-element-7b902745\" data-id=\"7b902745\" data-element_type=\"column\" data-e-type=\"column\">\n\t\t\t<div class=\"elementor-widget-wrap elementor-element-populated\">\n\t\t\t\t\t\t<div class=\"elementor-element elementor-element-3a8b0814 elementor-widget elementor-widget-text-editor\" data-id=\"3a8b0814\" data-element_type=\"widget\" data-e-type=\"widget\" data-widget_type=\"text-editor.default\">\n\t\t\t\t<div class=\"elementor-widget-container\">\n\t\t\t\t\t\t\t\t\t<p class=\"font_3\"><span class=\"color_19\">\u2022\u00a0Aux charg\u00e9s de communication, de d\u00e9veloppement ou d\u2019administration de structures ou de projets culturels<\/span><\/p><p class=\"font_3\"><span class=\"color_19\">\u2022\u00a0Plus g\u00e9n\u00e9ralement \u00e0 tout type d\u2019acteur culturel ou d\u2019artiste qui souhaite construire une strat\u00e9gie de communication pour son projet<\/span><\/p>\t\t\t\t\t\t\t\t<\/div>\n\t\t\t\t<\/div>\n\t\t\t\t<div class=\"elementor-element elementor-element-11f3f1f0 elementor-widget elementor-widget-heading\" data-id=\"11f3f1f0\" data-element_type=\"widget\" data-e-type=\"widget\" data-widget_type=\"heading.default\">\n\t\t\t\t<div class=\"elementor-widget-container\">\n\t\t\t\t\t<h2 class=\"elementor-heading-title elementor-size-default\">Infos pratiques<\/h2>\t\t\t\t<\/div>\n\t\t\t\t<\/div>\n\t\t\t\t<div class=\"elementor-element elementor-element-a6966ed elementor-widget elementor-widget-text-editor\" data-id=\"a6966ed\" data-element_type=\"widget\" data-e-type=\"widget\" data-widget_type=\"text-editor.default\">\n\t\t\t\t<div class=\"elementor-widget-container\">\n\t\t\t\t\t\t\t\t\t<ul class=\"color_19 font_3\"><li><p class=\"font_3\"><span class=\"color_19\"><b>Pr\u00e9requis\u00a0: <\/b>aucun<\/span><\/p><\/li><li><p class=\"font_3\"><span class=\"color_19\"><strong>Dur\u00e9e\u00a0:<\/strong> 7 h sur une journ\u00e9e<\/span><\/p><\/li><li><p class=\"font_3\"><span class=\"color_19\"><strong>Prix\u00a0:<\/strong> 700 \u20ac HT<\/span><\/p><\/li><li><p class=\"font_3\"><span class=\"color_19\"><strong>Dates :\u00a0<\/strong><\/span>sur demande<\/p><\/li><\/ul>\t\t\t\t\t\t\t\t<\/div>\n\t\t\t\t<\/div>\n\t\t\t\t<div class=\"elementor-element elementor-element-3f291dcd elementor-widget elementor-widget-image\" data-id=\"3f291dcd\" data-element_type=\"widget\" data-e-type=\"widget\" data-widget_type=\"image.default\">\n\t\t\t\t<div class=\"elementor-widget-container\">\n\t\t\t\t\t\t\t\t\t\t\t\t\t\t\t<img decoding=\"async\" width=\"200\" height=\"106\" src=\"https:\/\/www.proarti.fr\/services\/wp-content\/uploads\/2024\/09\/proartischool_2014.webp\" class=\"attachment-full size-full wp-image-11848\" alt=\"\" srcset=\"https:\/\/www.proarti.fr\/services\/wp-content\/uploads\/2024\/09\/proartischool_2014.webp 200w, https:\/\/www.proarti.fr\/services\/wp-content\/uploads\/2024\/09\/proartischool_2014-94x50.webp 94w\" sizes=\"(max-width: 200px) 100vw, 200px\" \/>\t\t\t\t\t\t\t\t\t\t\t\t\t\t\t<\/div>\n\t\t\t\t<\/div>\n\t\t\t\t\t<\/div>\n\t\t<\/div>\n\t\t\t\t\t<\/div>\n\t\t<\/section>\n\t\t\t\t\t<\/div>\n\t\t<\/div>\n\t\t\t\t\t<\/div>\n\t\t<\/section>\n\t\t\t\t<section class=\"elementor-section elementor-top-section elementor-element elementor-element-f29634f elementor-section-boxed elementor-section-height-default elementor-section-height-default\" data-id=\"f29634f\" data-element_type=\"section\" data-e-type=\"section\">\n\t\t\t\t\t\t<div class=\"elementor-container elementor-column-gap-default\">\n\t\t\t\t\t<div class=\"elementor-column elementor-col-100 elementor-top-column elementor-element elementor-element-5366302c\" data-id=\"5366302c\" data-element_type=\"column\" data-e-type=\"column\">\n\t\t\t<div class=\"elementor-widget-wrap elementor-element-populated\">\n\t\t\t\t\t\t<div class=\"elementor-element elementor-element-fb55803 elementor-align-center elementor-widget elementor-widget-button\" data-id=\"fb55803\" data-element_type=\"widget\" data-e-type=\"widget\" data-widget_type=\"button.default\">\n\t\t\t\t<div class=\"elementor-widget-container\">\n\t\t\t\t\t\t\t\t\t<div class=\"elementor-button-wrapper\">\n\t\t\t\t\t<a class=\"elementor-button elementor-button-link elementor-size-sm\" href=\"https:\/\/www.proarti.fr\/services\/contact\/\">\n\t\t\t\t\t\t<span class=\"elementor-button-content-wrapper\">\n\t\t\t\t\t\t\t\t\t<span class=\"elementor-button-text\">Suivre le programme<\/span>\n\t\t\t\t\t<\/span>\n\t\t\t\t\t<\/a>\n\t\t\t\t<\/div>\n\t\t\t\t\t\t\t\t<\/div>\n\t\t\t\t<\/div>\n\t\t\t\t\t<\/div>\n\t\t<\/div>\n\t\t\t\t\t<\/div>\n\t\t<\/section>\n\t\t\t\t<section class=\"elementor-section elementor-top-section elementor-element elementor-element-622c6ad1 elementor-section-boxed elementor-section-height-default elementor-section-height-default\" data-id=\"622c6ad1\" data-element_type=\"section\" data-e-type=\"section\">\n\t\t\t\t\t\t<div class=\"elementor-container elementor-column-gap-default\">\n\t\t\t\t\t<div class=\"elementor-column elementor-col-100 elementor-top-column elementor-element elementor-element-620fa503\" data-id=\"620fa503\" data-element_type=\"column\" data-e-type=\"column\">\n\t\t\t<div class=\"elementor-widget-wrap elementor-element-populated\">\n\t\t\t\t\t\t<div class=\"elementor-element elementor-element-7ff38774 elementor-widget elementor-widget-spacer\" data-id=\"7ff38774\" data-element_type=\"widget\" data-e-type=\"widget\" data-widget_type=\"spacer.default\">\n\t\t\t\t<div class=\"elementor-widget-container\">\n\t\t\t\t\t\t\t<div class=\"elementor-spacer\">\n\t\t\t<div class=\"elementor-spacer-inner\"><\/div>\n\t\t<\/div>\n\t\t\t\t\t\t<\/div>\n\t\t\t\t<\/div>\n\t\t\t\t<section class=\"elementor-section elementor-inner-section elementor-element elementor-element-5ee38dcc elementor-section-boxed elementor-section-height-default elementor-section-height-default\" data-id=\"5ee38dcc\" data-element_type=\"section\" data-e-type=\"section\">\n\t\t\t\t\t\t<div class=\"elementor-container elementor-column-gap-default\">\n\t\t\t\t\t<div class=\"elementor-column elementor-col-100 elementor-inner-column elementor-element elementor-element-4c23b1c9\" data-id=\"4c23b1c9\" data-element_type=\"column\" data-e-type=\"column\">\n\t\t\t<div class=\"elementor-widget-wrap elementor-element-populated\">\n\t\t\t\t\t\t<div class=\"elementor-element elementor-element-69772c92 elementor-widget elementor-widget-heading\" data-id=\"69772c92\" data-element_type=\"widget\" data-e-type=\"widget\" data-widget_type=\"heading.default\">\n\t\t\t\t<div class=\"elementor-widget-container\">\n\t\t\t\t\t<h2 class=\"elementor-heading-title elementor-size-default\">D\u00e9lais d\u2019acc\u00e8s aux formations<\/h2>\t\t\t\t<\/div>\n\t\t\t\t<\/div>\n\t\t\t\t\t<\/div>\n\t\t<\/div>\n\t\t\t\t\t<\/div>\n\t\t<\/section>\n\t\t\t\t<section class=\"elementor-section elementor-inner-section elementor-element elementor-element-717cfade elementor-section-boxed elementor-section-height-default elementor-section-height-default\" data-id=\"717cfade\" data-element_type=\"section\" data-e-type=\"section\">\n\t\t\t\t\t\t<div class=\"elementor-container elementor-column-gap-default\">\n\t\t\t\t\t<div class=\"elementor-column elementor-col-100 elementor-inner-column elementor-element elementor-element-561e1dbc\" data-id=\"561e1dbc\" data-element_type=\"column\" data-e-type=\"column\">\n\t\t\t<div class=\"elementor-widget-wrap elementor-element-populated\">\n\t\t\t\t\t\t<div class=\"elementor-element elementor-element-79806c45 elementor-widget elementor-widget-text-editor\" data-id=\"79806c45\" data-element_type=\"widget\" data-e-type=\"widget\" data-widget_type=\"text-editor.default\">\n\t\t\t\t<div class=\"elementor-widget-container\">\n\t\t\t\t\t\t\t\t\t<p class=\"_04xlpA direction-ltr align-start para-style-body\"><span class=\"WdYUQQ text-decoration-none text-strikethrough-none\">\u2022 si le b\u00e9n\u00e9ficiaire n&#8217;acc\u00e8de pas \u00e0 des aides pour le financement de sa formation, la dur\u00e9e <\/span><span class=\"WdYUQQ text-decoration-none text-strikethrough-none\">estim\u00e9e entre la demande du b\u00e9n\u00e9ficiaire et le d\u00e9but de la formation est d\u2019une semaine <\/span><span class=\"WdYUQQ text-decoration-none text-strikethrough-none\">\u00e0 deux semaines, en fonction des disponibilit\u00e9s du formateur et du stagiaire.<\/span><\/p><p class=\"_04xlpA direction-ltr align-start para-style-body\"><span class=\"WdYUQQ text-decoration-none text-strikethrough-none\">\u2022 si le b\u00e9n\u00e9ficiaire peut pr\u00e9tendre \u00e0 une aide pour les financements de sa formation, le <\/span><span class=\"WdYUQQ text-decoration-none text-strikethrough-none\">d\u00e9lai d\u2019acc\u00e8s d\u00e9pend alors d\u2019un organisme tiers. Pr\u00e9voir au minimum un mois de d\u00e9lai <\/span><span class=\"WdYUQQ text-decoration-none text-strikethrough-none\">d\u2019acc\u00e8s dans ce cas.<\/span><\/p>\t\t\t\t\t\t\t\t<\/div>\n\t\t\t\t<\/div>\n\t\t\t\t\t<\/div>\n\t\t<\/div>\n\t\t\t\t\t<\/div>\n\t\t<\/section>\n\t\t\t\t<div class=\"elementor-element elementor-element-2b7c5d71 elementor-widget elementor-widget-spacer\" data-id=\"2b7c5d71\" data-element_type=\"widget\" data-e-type=\"widget\" data-widget_type=\"spacer.default\">\n\t\t\t\t<div class=\"elementor-widget-container\">\n\t\t\t\t\t\t\t<div class=\"elementor-spacer\">\n\t\t\t<div class=\"elementor-spacer-inner\"><\/div>\n\t\t<\/div>\n\t\t\t\t\t\t<\/div>\n\t\t\t\t<\/div>\n\t\t\t\t<div class=\"elementor-element elementor-element-11a609b0 elementor-widget elementor-widget-heading\" data-id=\"11a609b0\" data-element_type=\"widget\" data-e-type=\"widget\" data-widget_type=\"heading.default\">\n\t\t\t\t<div class=\"elementor-widget-container\">\n\t\t\t\t\t<h2 class=\"elementor-heading-title elementor-size-default\">M\u00e9thode mobilis\u00e9e<\/h2>\t\t\t\t<\/div>\n\t\t\t\t<\/div>\n\t\t\t\t<div class=\"elementor-element elementor-element-7e21268d elementor-widget elementor-widget-text-editor\" data-id=\"7e21268d\" data-element_type=\"widget\" data-e-type=\"widget\" data-widget_type=\"text-editor.default\">\n\t\t\t\t<div class=\"elementor-widget-container\">\n\t\t\t\t\t\t\t\t\t<p class=\"_04xlpA direction-ltr align-start para-style-body\"><span class=\"WdYUQQ text-decoration-none text-strikethrough-none\">Des supports, sous la forme de pr\u00e9sentations Power Point seront utilis\u00e9s, comment\u00e9s <\/span><span class=\"WdYUQQ text-decoration-none text-strikethrough-none\">et partag\u00e9s par le formateur. Celui-ci expliquera le contenu du Power point, donnera <\/span><span class=\"WdYUQQ text-decoration-none text-strikethrough-none\">des exemples et r\u00e9pondra aux \u00e9ventuelles questions des participants. Le support de <\/span><span class=\"WdYUQQ text-decoration-none text-strikethrough-none\">formation est syst\u00e9matiquement envoy\u00e9 aux stagiaires \u00e0 la suite de la formation.<\/span><\/p><p class=\"_04xlpA direction-ltr align-start para-style-body\"><span class=\"WdYUQQ text-decoration-none text-strikethrough-none\">Des outils sont \u00e9galement pr\u00e9sent\u00e9s aux stagiaires durant leur parcours de formation.<\/span><\/p>\t\t\t\t\t\t\t\t<\/div>\n\t\t\t\t<\/div>\n\t\t\t\t<div class=\"elementor-element elementor-element-6cd834bf elementor-widget elementor-widget-spacer\" data-id=\"6cd834bf\" data-element_type=\"widget\" data-e-type=\"widget\" data-widget_type=\"spacer.default\">\n\t\t\t\t<div class=\"elementor-widget-container\">\n\t\t\t\t\t\t\t<div class=\"elementor-spacer\">\n\t\t\t<div class=\"elementor-spacer-inner\"><\/div>\n\t\t<\/div>\n\t\t\t\t\t\t<\/div>\n\t\t\t\t<\/div>\n\t\t\t\t<div class=\"elementor-element elementor-element-55063760 elementor-widget elementor-widget-heading\" data-id=\"55063760\" data-element_type=\"widget\" data-e-type=\"widget\" data-widget_type=\"heading.default\">\n\t\t\t\t<div class=\"elementor-widget-container\">\n\t\t\t\t\t<h2 class=\"elementor-heading-title elementor-size-default\">Modalit\u00e9s d\u2019\u00e9valuation<\/h2>\t\t\t\t<\/div>\n\t\t\t\t<\/div>\n\t\t\t\t<div class=\"elementor-element elementor-element-d393338 elementor-widget elementor-widget-text-editor\" data-id=\"d393338\" data-element_type=\"widget\" data-e-type=\"widget\" data-widget_type=\"text-editor.default\">\n\t\t\t\t<div class=\"elementor-widget-container\">\n\t\t\t\t\t\t\t\t\t<p class=\"_04xlpA direction-ltr align-start para-style-body\"><span class=\"WdYUQQ text-decoration-none text-strikethrough-none\">Des exercices pratiques seront propos\u00e9s, encadr\u00e9s, \u00e9valu\u00e9s et corrig\u00e9s par le formateur <\/span><span class=\"WdYUQQ text-decoration-none text-strikethrough-none\">durant la formation. A la fin de la formation, un questionnaire d\u2019\u00e9valuation, sous la <\/span><span class=\"WdYUQQ text-decoration-none text-strikethrough-none\">forme d\u2019un Google Form, sera soumis au stagiaire pour v\u00e9rifier s\u2019il a bien acquis les <\/span><span class=\"WdYUQQ text-decoration-none text-strikethrough-none\">comp\u00e9tences vis\u00e9es. Ce questionnaire est r\u00e9dig\u00e9 et \u00e9valu\u00e9 par le formateur.<\/span><\/p><p class=\"_04xlpA direction-ltr align-start para-style-body\"><span class=\"WdYUQQ text-decoration-none text-strikethrough-none\"><strong>Si des acquis ne sont pas valid\u00e9s<\/strong> : r\u00e9\u00e9valuation \u00e0 3 mois ou 6 mois avec nouveau <\/span><span class=\"WdYUQQ text-decoration-none text-strikethrough-none\">questionnaire en ligne.<br \/><\/span><span class=\"WdYUQQ text-decoration-none text-strikethrough-none\"><strong>Si les acquis sont valid\u00e9s<\/strong> : envoie d\u2019un questionnaire de suivi et de satisfaction 6 mois<\/span><\/p>\t\t\t\t\t\t\t\t<\/div>\n\t\t\t\t<\/div>\n\t\t\t\t\t<\/div>\n\t\t<\/div>\n\t\t\t\t\t<\/div>\n\t\t<\/section>\n\t\t\t\t<section class=\"elementor-section elementor-top-section elementor-element elementor-element-74658dae elementor-section-boxed elementor-section-height-default elementor-section-height-default\" data-id=\"74658dae\" data-element_type=\"section\" data-e-type=\"section\" data-settings=\"{&quot;background_background&quot;:&quot;classic&quot;}\">\n\t\t\t\t\t\t<div class=\"elementor-container elementor-column-gap-default\">\n\t\t\t\t\t<div class=\"elementor-column elementor-col-33 elementor-top-column elementor-element elementor-element-11d5c46b\" data-id=\"11d5c46b\" data-element_type=\"column\" data-e-type=\"column\">\n\t\t\t<div class=\"elementor-widget-wrap elementor-element-populated\">\n\t\t\t\t\t\t<div class=\"elementor-element elementor-element-fbbd495 elementor-widget elementor-widget-heading\" data-id=\"fbbd495\" data-element_type=\"widget\" data-e-type=\"widget\" data-widget_type=\"heading.default\">\n\t\t\t\t<div class=\"elementor-widget-container\">\n\t\t\t\t\t<h2 class=\"elementor-heading-title elementor-size-default\">T\u00e9moignage<\/h2>\t\t\t\t<\/div>\n\t\t\t\t<\/div>\n\t\t\t\t\t<\/div>\n\t\t<\/div>\n\t\t\t\t<div class=\"elementor-column elementor-col-66 elementor-top-column elementor-element elementor-element-42ffdad3\" data-id=\"42ffdad3\" data-element_type=\"column\" data-e-type=\"column\">\n\t\t\t<div class=\"elementor-widget-wrap elementor-element-populated\">\n\t\t\t\t\t\t<div class=\"elementor-element elementor-element-3870cd3b elementor-testimonial--layout-image_left elementor-testimonial--align-left elementor-testimonial--skin-default elementor-widget elementor-widget-testimonial-carousel\" data-id=\"3870cd3b\" data-element_type=\"widget\" data-e-type=\"widget\" data-settings=\"{&quot;slides_to_scroll&quot;:&quot;1&quot;,&quot;autoplay_speed&quot;:&quot;3500&quot;,&quot;space_between&quot;:{&quot;unit&quot;:&quot;px&quot;,&quot;size&quot;:&quot;&quot;,&quot;sizes&quot;:[]},&quot;slides_per_view_tablet&quot;:&quot;1&quot;,&quot;slides_per_view_mobile&quot;:&quot;1&quot;,&quot;speed&quot;:500,&quot;autoplay&quot;:&quot;yes&quot;,&quot;loop&quot;:&quot;yes&quot;,&quot;pause_on_hover&quot;:&quot;yes&quot;,&quot;pause_on_interaction&quot;:&quot;yes&quot;,&quot;space_between_laptop&quot;:{&quot;unit&quot;:&quot;px&quot;,&quot;size&quot;:10,&quot;sizes&quot;:[]},&quot;space_between_tablet&quot;:{&quot;unit&quot;:&quot;px&quot;,&quot;size&quot;:10,&quot;sizes&quot;:[]},&quot;space_between_mobile_extra&quot;:{&quot;unit&quot;:&quot;px&quot;,&quot;size&quot;:10,&quot;sizes&quot;:[]},&quot;space_between_mobile&quot;:{&quot;unit&quot;:&quot;px&quot;,&quot;size&quot;:10,&quot;sizes&quot;:[]}}\" data-widget_type=\"testimonial-carousel.default\">\n\t\t\t\t<div class=\"elementor-widget-container\">\n\t\t\t\t\t\t\t\t\t<div class=\"elementor-swiper\">\n\t\t\t\t\t<div class=\"elementor-main-swiper swiper\" role=\"region\" aria-roledescription=\"carousel\" aria-label=\"Diapositives\">\n\t\t\t\t<div class=\"swiper-wrapper\">\n\t\t\t\t\t\t\t\t\t\t\t<div class=\"swiper-slide\" role=\"group\" aria-roledescription=\"slide\">\n\t\t\t\t\t\t\t\t\t<div class=\"elementor-testimonial\">\n\t\t\t\t\t\t\t<div class=\"elementor-testimonial__content\">\n\t\t\t\t\t<div class=\"elementor-testimonial__text\">\n\t\t\t\t\t\t\u201cLa formation de la proarti school que nous avons suivi s\u2019est adapt\u00e9e au plus pr\u00e8s de notre projet. Ses points forts : son aspect tr\u00e8s pro et \u00e0 la fois tr\u00e8s compr\u00e9hensible.\u201d\t\t\t\t\t<\/div>\n\t\t\t\t\t<cite class=\"elementor-testimonial__cite\"><span class=\"elementor-testimonial__name\">Laura<\/span><span class=\"elementor-testimonial__title\">Charg\u00e9e de communication Compagnie DK Bel<\/span><\/cite>\t\t\t\t<\/div>\n\t\t\t\t\t\t<div class=\"elementor-testimonial__footer\">\n\t\t\t\t\t\t\t\t\t\t\t<\/div>\n\t\t<\/div>\n\t\t\t\t\t\t\t\t<\/div>\n\t\t\t\t\t\t\t\t\t<\/div>\n\t\t\t\t\t\t\t<\/div>\n\t\t\t\t<\/div>\n\t\t\t\t\t\t\t\t<\/div>\n\t\t\t\t<\/div>\n\t\t\t\t\t<\/div>\n\t\t<\/div>\n\t\t\t\t\t<\/div>\n\t\t<\/section>\n\t\t\t\t<section class=\"elementor-section elementor-top-section elementor-element elementor-element-6982b950 elementor-section-boxed elementor-section-height-default elementor-section-height-default\" data-id=\"6982b950\" data-element_type=\"section\" data-e-type=\"section\" data-settings=\"{&quot;background_background&quot;:&quot;classic&quot;}\">\n\t\t\t\t\t\t<div class=\"elementor-container elementor-column-gap-no\">\n\t\t\t\t\t<div class=\"elementor-column elementor-col-100 elementor-top-column elementor-element elementor-element-6e70444d\" data-id=\"6e70444d\" data-element_type=\"column\" data-e-type=\"column\">\n\t\t\t<div class=\"elementor-widget-wrap elementor-element-populated\">\n\t\t\t\t\t\t<div class=\"elementor-element elementor-element-16205c77 elementor-testimonial--layout-image_stacked elementor-testimonial--align-left elementor-testimonial--skin-default elementor-pagination-type-bullets elementor-widget elementor-widget-testimonial-carousel\" data-id=\"16205c77\" data-element_type=\"widget\" data-e-type=\"widget\" data-settings=\"{&quot;space_between&quot;:{&quot;unit&quot;:&quot;px&quot;,&quot;size&quot;:0,&quot;sizes&quot;:[]},&quot;pagination&quot;:&quot;bullets&quot;,&quot;speed&quot;:500,&quot;autoplay&quot;:&quot;yes&quot;,&quot;autoplay_speed&quot;:5000,&quot;loop&quot;:&quot;yes&quot;,&quot;pause_on_hover&quot;:&quot;yes&quot;,&quot;pause_on_interaction&quot;:&quot;yes&quot;,&quot;space_between_laptop&quot;:{&quot;unit&quot;:&quot;px&quot;,&quot;size&quot;:10,&quot;sizes&quot;:[]},&quot;space_between_tablet&quot;:{&quot;unit&quot;:&quot;px&quot;,&quot;size&quot;:10,&quot;sizes&quot;:[]},&quot;space_between_mobile_extra&quot;:{&quot;unit&quot;:&quot;px&quot;,&quot;size&quot;:10,&quot;sizes&quot;:[]},&quot;space_between_mobile&quot;:{&quot;unit&quot;:&quot;px&quot;,&quot;size&quot;:10,&quot;sizes&quot;:[]}}\" data-widget_type=\"testimonial-carousel.default\">\n\t\t\t\t<div class=\"elementor-widget-container\">\n\t\t\t\t\t\t\t\t\t<div class=\"elementor-swiper\">\n\t\t\t\t\t<div class=\"elementor-main-swiper swiper\" role=\"region\" aria-roledescription=\"carousel\" aria-label=\"Diapositives\">\n\t\t\t\t<div class=\"swiper-wrapper\">\n\t\t\t\t\t\t\t\t\t\t\t<div class=\"swiper-slide\" role=\"group\" aria-roledescription=\"slide\">\n\t\t\t\t\t\t\t\t\t<div class=\"elementor-testimonial\">\n\t\t\t\t\t\t\t<div class=\"elementor-testimonial__content\">\n\t\t\t\t\t<div class=\"elementor-testimonial__text\">\n\t\t\t\t\t\tLa formatrice\t\t\t\t\t<\/div>\n\t\t\t\t\t\t\t\t\t<\/div>\n\t\t\t\t\t\t<div class=\"elementor-testimonial__footer\">\n\t\t\t\t\t\t\t\t\t<div class=\"elementor-testimonial__image\">\n\t\t\t\t\t\t<img decoding=\"async\" src=\"https:\/\/www.proarti.fr\/services\/wp-content\/uploads\/2025\/05\/1708698151651.jpeg\" alt=\"Marion Yekawene\">\n\t\t\t\t\t\t\t\t\t\t\t<\/div>\n\t\t\t\t\t\t\t\t<cite class=\"elementor-testimonial__cite\"><span class=\"elementor-testimonial__name\">Marion Yekawene<\/span><span class=\"elementor-testimonial__title\">Charg\u00e9e de l'accompagnement des projets<\/span><\/cite>\t\t\t<\/div>\n\t\t<\/div>\n\t\t\t\t\t\t\t\t<\/div>\n\t\t\t\t\t\t\t\t\t<\/div>\n\t\t\t\t\t\t\t<\/div>\n\t\t\t\t<\/div>\n\t\t\t\t\t\t\t\t<\/div>\n\t\t\t\t<\/div>\n\t\t\t\t<div class=\"elementor-element elementor-element-69324430 elementor-align-center elementor-widget elementor-widget-button\" data-id=\"69324430\" data-element_type=\"widget\" data-e-type=\"widget\" data-widget_type=\"button.default\">\n\t\t\t\t<div class=\"elementor-widget-container\">\n\t\t\t\t\t\t\t\t\t<div class=\"elementor-button-wrapper\">\n\t\t\t\t\t<a class=\"elementor-button elementor-button-link elementor-size-sm\" href=\"mailto:contact@proarti.org\">\n\t\t\t\t\t\t<span class=\"elementor-button-content-wrapper\">\n\t\t\t\t\t\t\t\t\t<span class=\"elementor-button-text\">Contacter<\/span>\n\t\t\t\t\t<\/span>\n\t\t\t\t\t<\/a>\n\t\t\t\t<\/div>\n\t\t\t\t\t\t\t\t<\/div>\n\t\t\t\t<\/div>\n\t\t\t\t\t<\/div>\n\t\t<\/div>\n\t\t\t\t\t<\/div>\n\t\t<\/section>\n\t\t\t\t<section class=\"elementor-section elementor-top-section elementor-element elementor-element-16424621 elementor-section-boxed elementor-section-height-default elementor-section-height-default\" data-id=\"16424621\" data-element_type=\"section\" data-e-type=\"section\">\n\t\t\t\t\t\t<div class=\"elementor-container elementor-column-gap-default\">\n\t\t\t\t\t<div class=\"elementor-column elementor-col-100 elementor-top-column elementor-element elementor-element-5b61afbf\" data-id=\"5b61afbf\" data-element_type=\"column\" data-e-type=\"column\">\n\t\t\t<div class=\"elementor-widget-wrap elementor-element-populated\">\n\t\t\t\t\t\t<div class=\"elementor-element elementor-element-18f97801 elementor-widget elementor-widget-spacer\" data-id=\"18f97801\" data-element_type=\"widget\" data-e-type=\"widget\" data-widget_type=\"spacer.default\">\n\t\t\t\t<div class=\"elementor-widget-container\">\n\t\t\t\t\t\t\t<div class=\"elementor-spacer\">\n\t\t\t<div class=\"elementor-spacer-inner\"><\/div>\n\t\t<\/div>\n\t\t\t\t\t\t<\/div>\n\t\t\t\t<\/div>\n\t\t\t\t<section class=\"elementor-section elementor-inner-section elementor-element elementor-element-3a129436 elementor-section-boxed elementor-section-height-default elementor-section-height-default\" data-id=\"3a129436\" data-element_type=\"section\" data-e-type=\"section\">\n\t\t\t\t\t\t<div class=\"elementor-container elementor-column-gap-default\">\n\t\t\t\t\t<div class=\"elementor-column elementor-col-33 elementor-inner-column elementor-element elementor-element-7775e28e\" data-id=\"7775e28e\" data-element_type=\"column\" data-e-type=\"column\" data-settings=\"{&quot;background_background&quot;:&quot;classic&quot;,&quot;motion_fx_motion_fx_scrolling&quot;:&quot;yes&quot;,&quot;motion_fx_translateY_effect&quot;:&quot;yes&quot;,&quot;motion_fx_translateY_speed&quot;:{&quot;unit&quot;:&quot;px&quot;,&quot;size&quot;:&quot;5&quot;,&quot;sizes&quot;:[]},&quot;motion_fx_translateY_affectedRange&quot;:{&quot;unit&quot;:&quot;%&quot;,&quot;size&quot;:&quot;&quot;,&quot;sizes&quot;:{&quot;start&quot;:&quot;0&quot;,&quot;end&quot;:&quot;50&quot;}},&quot;motion_fx_devices&quot;:[&quot;desktop&quot;]}\">\n\t\t\t<div class=\"elementor-widget-wrap elementor-element-populated\">\n\t\t\t\t\t\t<div class=\"elementor-element elementor-element-96beca9 elementor-widget elementor-widget-heading\" data-id=\"96beca9\" data-element_type=\"widget\" data-e-type=\"widget\" data-widget_type=\"heading.default\">\n\t\t\t\t<div class=\"elementor-widget-container\">\n\t\t\t\t\t<h2 class=\"elementor-heading-title elementor-size-default\"><a href=\"https:\/\/www.proarti.fr\/services\/formation-financement-participatif\/\">Formation financement participatif<\/a><\/h2>\t\t\t\t<\/div>\n\t\t\t\t<\/div>\n\t\t\t\t<div class=\"elementor-element elementor-element-51d997e elementor-widget elementor-widget-text-editor\" data-id=\"51d997e\" data-element_type=\"widget\" data-e-type=\"widget\" data-widget_type=\"text-editor.default\">\n\t\t\t\t<div class=\"elementor-widget-container\">\n\t\t\t\t\t\t\t\t\t<p>Apprenez \u00e0 penser, cr\u00e9er, mener une collecte en toute autonomie et \u00e0 d\u00e9passer vos objectifs aux c\u00f4t\u00e9s des pros du crowdfunding !<\/p>\t\t\t\t\t\t\t\t<\/div>\n\t\t\t\t<\/div>\n\t\t\t\t<div class=\"elementor-element elementor-element-20e7a690 elementor-align-center elementor-mobile-align-center elementor-widget elementor-widget-button\" data-id=\"20e7a690\" data-element_type=\"widget\" data-e-type=\"widget\" data-widget_type=\"button.default\">\n\t\t\t\t<div class=\"elementor-widget-container\">\n\t\t\t\t\t\t\t\t\t<div class=\"elementor-button-wrapper\">\n\t\t\t\t\t<a class=\"elementor-button elementor-button-link elementor-size-xs\" href=\"https:\/\/www.proarti.fr\/services\/formation-financement-participatif\/\">\n\t\t\t\t\t\t<span class=\"elementor-button-content-wrapper\">\n\t\t\t\t\t\t\t\t\t<span class=\"elementor-button-text\">En savoir plus<\/span>\n\t\t\t\t\t<\/span>\n\t\t\t\t\t<\/a>\n\t\t\t\t<\/div>\n\t\t\t\t\t\t\t\t<\/div>\n\t\t\t\t<\/div>\n\t\t\t\t\t<\/div>\n\t\t<\/div>\n\t\t\t\t<div class=\"elementor-column elementor-col-33 elementor-inner-column elementor-element elementor-element-9546696\" data-id=\"9546696\" data-element_type=\"column\" data-e-type=\"column\" data-settings=\"{&quot;background_background&quot;:&quot;classic&quot;,&quot;motion_fx_motion_fx_scrolling&quot;:&quot;yes&quot;,&quot;motion_fx_translateY_effect&quot;:&quot;yes&quot;,&quot;motion_fx_translateY_speed&quot;:{&quot;unit&quot;:&quot;px&quot;,&quot;size&quot;:&quot;7&quot;,&quot;sizes&quot;:[]},&quot;motion_fx_translateY_affectedRange&quot;:{&quot;unit&quot;:&quot;%&quot;,&quot;size&quot;:&quot;&quot;,&quot;sizes&quot;:{&quot;start&quot;:&quot;0&quot;,&quot;end&quot;:&quot;50&quot;}},&quot;motion_fx_devices&quot;:[&quot;desktop&quot;]}\">\n\t\t\t<div class=\"elementor-widget-wrap elementor-element-populated\">\n\t\t\t\t\t\t<div class=\"elementor-element elementor-element-3f0d4946 elementor-widget elementor-widget-heading\" data-id=\"3f0d4946\" data-element_type=\"widget\" data-e-type=\"widget\" data-widget_type=\"heading.default\">\n\t\t\t\t<div class=\"elementor-widget-container\">\n\t\t\t\t\t<h2 class=\"elementor-heading-title elementor-size-default\">Formation m\u00e9c\u00e9nat &amp; sponsoring<\/h2>\t\t\t\t<\/div>\n\t\t\t\t<\/div>\n\t\t\t\t<div class=\"elementor-element elementor-element-32301f1d elementor-widget elementor-widget-text-editor\" data-id=\"32301f1d\" data-element_type=\"widget\" data-e-type=\"widget\" data-widget_type=\"text-editor.default\">\n\t\t\t\t<div class=\"elementor-widget-container\">\n\t\t\t\t\t\t\t\t\tPlus aucune raison d\u2019avoir peur de solliciter les entreprises et fondations pour donner vie \u00e0 vos projets culturels !\t\t\t\t\t\t\t\t<\/div>\n\t\t\t\t<\/div>\n\t\t\t\t<div class=\"elementor-element elementor-element-165008a0 elementor-align-center elementor-mobile-align-center elementor-widget elementor-widget-button\" data-id=\"165008a0\" data-element_type=\"widget\" data-e-type=\"widget\" data-widget_type=\"button.default\">\n\t\t\t\t<div class=\"elementor-widget-container\">\n\t\t\t\t\t\t\t\t\t<div class=\"elementor-button-wrapper\">\n\t\t\t\t\t<a class=\"elementor-button elementor-button-link elementor-size-xs\" href=\"https:\/\/www.proarti.fr\/services\/formation-mecenat-sponsoring\/\">\n\t\t\t\t\t\t<span class=\"elementor-button-content-wrapper\">\n\t\t\t\t\t\t\t\t\t<span class=\"elementor-button-text\">En savoir plus<\/span>\n\t\t\t\t\t<\/span>\n\t\t\t\t\t<\/a>\n\t\t\t\t<\/div>\n\t\t\t\t\t\t\t\t<\/div>\n\t\t\t\t<\/div>\n\t\t\t\t\t<\/div>\n\t\t<\/div>\n\t\t\t\t<div class=\"elementor-column elementor-col-33 elementor-inner-column elementor-element elementor-element-43560b73\" data-id=\"43560b73\" data-element_type=\"column\" data-e-type=\"column\" data-settings=\"{&quot;background_background&quot;:&quot;classic&quot;,&quot;motion_fx_motion_fx_scrolling&quot;:&quot;yes&quot;,&quot;motion_fx_translateY_effect&quot;:&quot;yes&quot;,&quot;motion_fx_translateY_speed&quot;:{&quot;unit&quot;:&quot;px&quot;,&quot;size&quot;:&quot;9&quot;,&quot;sizes&quot;:[]},&quot;motion_fx_translateY_affectedRange&quot;:{&quot;unit&quot;:&quot;%&quot;,&quot;size&quot;:&quot;&quot;,&quot;sizes&quot;:{&quot;start&quot;:&quot;0&quot;,&quot;end&quot;:&quot;50&quot;}},&quot;motion_fx_devices&quot;:[&quot;desktop&quot;]}\">\n\t\t\t<div class=\"elementor-widget-wrap elementor-element-populated\">\n\t\t\t\t\t\t<div class=\"elementor-element elementor-element-6da1e388 elementor-widget elementor-widget-heading\" data-id=\"6da1e388\" data-element_type=\"widget\" data-e-type=\"widget\" data-widget_type=\"heading.default\">\n\t\t\t\t<div class=\"elementor-widget-container\">\n\t\t\t\t\t<h2 class=\"elementor-heading-title elementor-size-default\"><a href=\"https:\/\/www.proarti.fr\/services\/formation-community-management\/\">Formation community management<\/a><\/h2>\t\t\t\t<\/div>\n\t\t\t\t<\/div>\n\t\t\t\t<div class=\"elementor-element elementor-element-4fe2b2af elementor-widget elementor-widget-text-editor\" data-id=\"4fe2b2af\" data-element_type=\"widget\" data-e-type=\"widget\" data-widget_type=\"text-editor.default\">\n\t\t\t\t<div class=\"elementor-widget-container\">\n\t\t\t\t\t\t\t\t\tDevenez un\u00b7e pro des r\u00e9seaux sociaux et fa\u00eetes parler de votre projet culturel !\t\t\t\t\t\t\t\t<\/div>\n\t\t\t\t<\/div>\n\t\t\t\t<div class=\"elementor-element elementor-element-75d9151b elementor-align-center elementor-mobile-align-center elementor-widget elementor-widget-button\" data-id=\"75d9151b\" data-element_type=\"widget\" data-e-type=\"widget\" data-widget_type=\"button.default\">\n\t\t\t\t<div class=\"elementor-widget-container\">\n\t\t\t\t\t\t\t\t\t<div class=\"elementor-button-wrapper\">\n\t\t\t\t\t<a class=\"elementor-button elementor-button-link elementor-size-xs\" href=\"https:\/\/www.proarti.fr\/services\/formation-community-management\/\">\n\t\t\t\t\t\t<span class=\"elementor-button-content-wrapper\">\n\t\t\t\t\t\t\t\t\t<span class=\"elementor-button-text\">En savoir plus<\/span>\n\t\t\t\t\t<\/span>\n\t\t\t\t\t<\/a>\n\t\t\t\t<\/div>\n\t\t\t\t\t\t\t\t<\/div>\n\t\t\t\t<\/div>\n\t\t\t\t\t<\/div>\n\t\t<\/div>\n\t\t\t\t\t<\/div>\n\t\t<\/section>\n\t\t\t\t<div class=\"elementor-element elementor-element-52adfca7 elementor-widget elementor-widget-spacer\" data-id=\"52adfca7\" data-element_type=\"widget\" data-e-type=\"widget\" data-widget_type=\"spacer.default\">\n\t\t\t\t<div class=\"elementor-widget-container\">\n\t\t\t\t\t\t\t<div class=\"elementor-spacer\">\n\t\t\t<div class=\"elementor-spacer-inner\"><\/div>\n\t\t<\/div>\n\t\t\t\t\t\t<\/div>\n\t\t\t\t<\/div>\n\t\t\t\t\t<\/div>\n\t\t<\/div>\n\t\t\t\t\t<\/div>\n\t\t<\/section>\n\t\t\t\t<section class=\"elementor-section elementor-top-section elementor-element elementor-element-29e9f33 elementor-section-boxed elementor-section-height-default elementor-section-height-default\" data-id=\"29e9f33\" data-element_type=\"section\" data-e-type=\"section\">\n\t\t\t\t\t\t<div class=\"elementor-container elementor-column-gap-default\">\n\t\t\t\t\t<div class=\"elementor-column elementor-col-100 elementor-top-column elementor-element elementor-element-85070c1\" data-id=\"85070c1\" data-element_type=\"column\" data-e-type=\"column\">\n\t\t\t<div class=\"elementor-widget-wrap elementor-element-populated\">\n\t\t\t\t\t\t<div class=\"elementor-element elementor-element-646c1d8b elementor-widget elementor-widget-heading\" data-id=\"646c1d8b\" data-element_type=\"widget\" data-e-type=\"widget\" data-widget_type=\"heading.default\">\n\t\t\t\t<div class=\"elementor-widget-container\">\n\t\t\t\t\t<h2 class=\"elementor-heading-title elementor-size-default\">Notre adresse : \n<\/h2>\t\t\t\t<\/div>\n\t\t\t\t<\/div>\n\t\t\t\t\t<\/div>\n\t\t<\/div>\n\t\t\t\t\t<\/div>\n\t\t<\/section>\n\t\t\t\t<section class=\"elementor-section elementor-top-section elementor-element elementor-element-6447ba5e elementor-section-boxed elementor-section-height-default elementor-section-height-default\" data-id=\"6447ba5e\" data-element_type=\"section\" data-e-type=\"section\">\n\t\t\t\t\t\t<div class=\"elementor-container elementor-column-gap-default\">\n\t\t\t\t\t<div class=\"elementor-column elementor-col-100 elementor-top-column elementor-element elementor-element-62045d7f\" data-id=\"62045d7f\" data-element_type=\"column\" data-e-type=\"column\">\n\t\t\t<div class=\"elementor-widget-wrap elementor-element-populated\">\n\t\t\t\t\t\t<div class=\"elementor-element elementor-element-39128c23 elementor-widget elementor-widget-spacer\" data-id=\"39128c23\" data-element_type=\"widget\" data-e-type=\"widget\" data-widget_type=\"spacer.default\">\n\t\t\t\t<div class=\"elementor-widget-container\">\n\t\t\t\t\t\t\t<div class=\"elementor-spacer\">\n\t\t\t<div class=\"elementor-spacer-inner\"><\/div>\n\t\t<\/div>\n\t\t\t\t\t\t<\/div>\n\t\t\t\t<\/div>\n\t\t\t\t\t<\/div>\n\t\t<\/div>\n\t\t\t\t\t<\/div>\n\t\t<\/section>\n\t\t\t\t<section class=\"elementor-section elementor-top-section elementor-element elementor-element-5fd5fe78 elementor-section-boxed elementor-section-height-default elementor-section-height-default\" data-id=\"5fd5fe78\" data-element_type=\"section\" data-e-type=\"section\">\n\t\t\t\t\t\t<div class=\"elementor-container elementor-column-gap-default\">\n\t\t\t\t\t<div class=\"elementor-column elementor-col-100 elementor-top-column elementor-element elementor-element-5d509a68\" data-id=\"5d509a68\" data-element_type=\"column\" data-e-type=\"column\">\n\t\t\t<div class=\"elementor-widget-wrap elementor-element-populated\">\n\t\t\t\t\t\t<div class=\"elementor-element elementor-element-696bbac4 elementor-widget__width-initial elementor-widget elementor-widget-google_maps\" data-id=\"696bbac4\" data-element_type=\"widget\" data-e-type=\"widget\" data-widget_type=\"google_maps.default\">\n\t\t\t\t<div class=\"elementor-widget-container\">\n\t\t\t\t\t\t\t<div class=\"elementor-custom-embed\">\n\t\t\t<iframe loading=\"lazy\"\n\t\t\t\t\tsrc=\"https:\/\/maps.google.com\/maps?q=7%20rue%20bachelet&#038;t=m&#038;z=12&#038;output=embed&#038;iwloc=near\"\n\t\t\t\t\ttitle=\"7 rue bachelet\"\n\t\t\t\t\taria-label=\"7 rue bachelet\"\n\t\t\t><\/iframe>\n\t\t<\/div>\n\t\t\t\t\t\t<\/div>\n\t\t\t\t<\/div>\n\t\t\t\t\t<\/div>\n\t\t<\/div>\n\t\t\t\t\t<\/div>\n\t\t<\/section>\n\t\t\t\t<section class=\"elementor-section elementor-top-section elementor-element elementor-element-53662402 elementor-section-boxed elementor-section-height-default elementor-section-height-default\" data-id=\"53662402\" data-element_type=\"section\" data-e-type=\"section\">\n\t\t\t\t\t\t<div class=\"elementor-container elementor-column-gap-default\">\n\t\t\t\t\t<div class=\"elementor-column elementor-col-100 elementor-top-column elementor-element elementor-element-5a88b23c\" data-id=\"5a88b23c\" data-element_type=\"column\" data-e-type=\"column\">\n\t\t\t<div class=\"elementor-widget-wrap elementor-element-populated\">\n\t\t\t\t\t\t<div class=\"elementor-element elementor-element-1924e586 elementor-widget elementor-widget-spacer\" data-id=\"1924e586\" data-element_type=\"widget\" data-e-type=\"widget\" data-widget_type=\"spacer.default\">\n\t\t\t\t<div class=\"elementor-widget-container\">\n\t\t\t\t\t\t\t<div class=\"elementor-spacer\">\n\t\t\t<div class=\"elementor-spacer-inner\"><\/div>\n\t\t<\/div>\n\t\t\t\t\t\t<\/div>\n\t\t\t\t<\/div>\n\t\t\t\t\t<\/div>\n\t\t<\/div>\n\t\t\t\t\t<\/div>\n\t\t<\/section>\n\t\t\t\t<section class=\"elementor-section elementor-top-section elementor-element elementor-element-2f71254e elementor-section-boxed elementor-section-height-default elementor-section-height-default\" data-id=\"2f71254e\" data-element_type=\"section\" data-e-type=\"section\">\n\t\t\t\t\t\t<div class=\"elementor-container elementor-column-gap-default\">\n\t\t\t\t\t<div class=\"elementor-column elementor-col-100 elementor-top-column elementor-element elementor-element-2ac141fe\" data-id=\"2ac141fe\" data-element_type=\"column\" data-e-type=\"column\">\n\t\t\t<div class=\"elementor-widget-wrap elementor-element-populated\">\n\t\t\t\t\t\t<div class=\"elementor-element elementor-element-1c996c28 elementor-widget elementor-widget-text-editor\" data-id=\"1c996c28\" data-element_type=\"widget\" data-e-type=\"widget\" data-widget_type=\"text-editor.default\">\n\t\t\t\t<div class=\"elementor-widget-container\">\n\t\t\t\t\t\t\t\t\t<p>\u2022 <strong>M\u00e9tro<\/strong> :<\/p><p>Ch\u00e2teau Rouge, Ligne 4 Anvers, Ligne 2<\/p><p>Lamarck-Caulaincourt, Ligne 12<\/p><p>\u2022 <strong>Bus<\/strong> :<\/p><p>Ch\u00e2teau Rouge, Lignes 31et 56<\/p><p>Lamarck-Caulaincourt, Lignes 40 et 80<\/p><p><b><span class=\"WdYUQQ text-decoration-none text-strikethrough-none\">\u2022 <\/span>Actions mises en \u0153uvre pour les personnes en situation de handicap :<\/b><\/p><p><span style=\"text-decoration: underline;\">Accompagnement personnalis\u00e9 si besoin<\/span> :<span style=\"font-weight: 400;\"> mise en place d&#8217;un accompagnement incluant des adaptations p\u00e9dagogiques et mat\u00e9rielles selon les situations. Pour les personnes malentendantes, nos formations en ligne pr\u00e9sentent des contenus adapt\u00e9s, avec l&#8217;int\u00e9gralit\u00e9 des contenus sous-titr\u00e9s.\u00a0\u00a0<br \/><\/span><\/p><p><span style=\"text-decoration: underline;\">Accessibilit\u00e9 des locaux<\/span> :<span style=\"font-weight: 400;\"> Proarti veille \u00e0 ce que tous les locaux soient accessibles aux personnes \u00e0 mobilit\u00e9 r\u00e9duite, avec des \u00e9quipements adapt\u00e9s. <span class=\"WdYUQQ text-decoration-none text-strikethrough-none\">Et toutes nos formations peuvent \u00e9galement se tenir en visioconf\u00e9rence.\u00a0<\/span><\/span><\/p><p>\u00a0<\/p>\t\t\t\t\t\t\t\t<\/div>\n\t\t\t\t<\/div>\n\t\t\t\t\t<\/div>\n\t\t<\/div>\n\t\t\t\t\t<\/div>\n\t\t<\/section>\n\t\t\t\t<section class=\"elementor-section elementor-top-section elementor-element elementor-element-417af85a elementor-section-boxed elementor-section-height-default elementor-section-height-default\" data-id=\"417af85a\" data-element_type=\"section\" data-e-type=\"section\">\n\t\t\t\t\t\t<div class=\"elementor-container elementor-column-gap-default\">\n\t\t\t\t\t<div class=\"elementor-column elementor-col-100 elementor-top-column elementor-element elementor-element-79160e09\" data-id=\"79160e09\" data-element_type=\"column\" data-e-type=\"column\">\n\t\t\t<div class=\"elementor-widget-wrap elementor-element-populated\">\n\t\t\t\t\t\t<div class=\"elementor-element elementor-element-5358810 elementor-widget elementor-widget-spacer\" data-id=\"5358810\" data-element_type=\"widget\" data-e-type=\"widget\" data-widget_type=\"spacer.default\">\n\t\t\t\t<div class=\"elementor-widget-container\">\n\t\t\t\t\t\t\t<div class=\"elementor-spacer\">\n\t\t\t<div class=\"elementor-spacer-inner\"><\/div>\n\t\t<\/div>\n\t\t\t\t\t\t<\/div>\n\t\t\t\t<\/div>\n\t\t\t\t\t<\/div>\n\t\t<\/div>\n\t\t\t\t\t<\/div>\n\t\t<\/section>\n\t\t\t\t<\/div>\n\t\t","protected":false},"excerpt":{"rendered":"<p>Formation communication digitale Construire sa strat\u00e9gie de communication digitale sur les r\u00e9seaux sociaux Cette formation propose au stagiaire d\u2019\u00e9laborer et<\/p>\n","protected":false},"author":15,"featured_media":0,"parent":0,"menu_order":0,"comment_status":"closed","ping_status":"closed","template":"elementor_header_footer","meta":{"_tutorstarter_page_metadata":[],"footnotes":""},"class_list":["post-11845","page","type-page","status-publish","hentry"],"yoast_head":"<!-- This site is optimized with the Yoast SEO plugin v26.8 - https:\/\/yoast.com\/product\/yoast-seo-wordpress\/ -->\n<title>Formation Communication Digitale - Proarti services<\/title>\n<meta name=\"robots\" content=\"index, follow, max-snippet:-1, max-image-preview:large, max-video-preview:-1\" \/>\n<link rel=\"canonical\" href=\"https:\/\/www.proarti.fr\/services\/formation-communication-digitale\/\" \/>\n<meta property=\"og:locale\" content=\"en_US\" \/>\n<meta property=\"og:type\" content=\"article\" \/>\n<meta property=\"og:title\" content=\"Formation Communication Digitale - Proarti services\" \/>\n<meta property=\"og:description\" content=\"Formation communication digitale Construire sa strat\u00e9gie de communication digitale sur les r\u00e9seaux sociaux Cette formation propose au stagiaire d\u2019\u00e9laborer et\" \/>\n<meta property=\"og:url\" content=\"https:\/\/www.proarti.fr\/services\/formation-communication-digitale\/\" \/>\n<meta property=\"og:site_name\" content=\"Proarti services\" \/>\n<meta property=\"article:modified_time\" content=\"2025-05-27T12:58:26+00:00\" \/>\n<meta property=\"og:image\" content=\"https:\/\/www.proarti.fr\/services\/wp-content\/uploads\/2024\/09\/proartischool_2014.webp\" \/>\n\t<meta property=\"og:image:width\" content=\"200\" \/>\n\t<meta property=\"og:image:height\" content=\"106\" \/>\n\t<meta property=\"og:image:type\" content=\"image\/webp\" \/>\n<meta name=\"twitter:card\" content=\"summary_large_image\" \/>\n<meta name=\"twitter:label1\" content=\"Est. reading time\" \/>\n\t<meta name=\"twitter:data1\" content=\"4 minutes\" \/>\n<script type=\"application\/ld+json\" class=\"yoast-schema-graph\">{\"@context\":\"https:\/\/schema.org\",\"@graph\":[{\"@type\":\"WebPage\",\"@id\":\"https:\/\/www.proarti.fr\/services\/formation-communication-digitale\/\",\"url\":\"https:\/\/www.proarti.fr\/services\/formation-communication-digitale\/\",\"name\":\"Formation Communication Digitale - Proarti services\",\"isPartOf\":{\"@id\":\"https:\/\/www.proarti.fr\/services\/#website\"},\"primaryImageOfPage\":{\"@id\":\"https:\/\/www.proarti.fr\/services\/formation-communication-digitale\/#primaryimage\"},\"image\":{\"@id\":\"https:\/\/www.proarti.fr\/services\/formation-communication-digitale\/#primaryimage\"},\"thumbnailUrl\":\"https:\/\/www.proarti.fr\/services\/wp-content\/uploads\/2024\/09\/proartischool_2014.webp\",\"datePublished\":\"2024-09-21T09:32:45+00:00\",\"dateModified\":\"2025-05-27T12:58:26+00:00\",\"breadcrumb\":{\"@id\":\"https:\/\/www.proarti.fr\/services\/formation-communication-digitale\/#breadcrumb\"},\"inLanguage\":\"en-US\",\"potentialAction\":[{\"@type\":\"ReadAction\",\"target\":[\"https:\/\/www.proarti.fr\/services\/formation-communication-digitale\/\"]}]},{\"@type\":\"ImageObject\",\"inLanguage\":\"en-US\",\"@id\":\"https:\/\/www.proarti.fr\/services\/formation-communication-digitale\/#primaryimage\",\"url\":\"https:\/\/www.proarti.fr\/services\/wp-content\/uploads\/2024\/09\/proartischool_2014.webp\",\"contentUrl\":\"https:\/\/www.proarti.fr\/services\/wp-content\/uploads\/2024\/09\/proartischool_2014.webp\",\"width\":200,\"height\":106},{\"@type\":\"BreadcrumbList\",\"@id\":\"https:\/\/www.proarti.fr\/services\/formation-communication-digitale\/#breadcrumb\",\"itemListElement\":[{\"@type\":\"ListItem\",\"position\":1,\"name\":\"Accueil\",\"item\":\"https:\/\/www.proarti.fr\/services\/accueil-service-nouveau\/\"},{\"@type\":\"ListItem\",\"position\":2,\"name\":\"Formation Communication Digitale\"}]},{\"@type\":\"WebSite\",\"@id\":\"https:\/\/www.proarti.fr\/services\/#website\",\"url\":\"https:\/\/www.proarti.fr\/services\/\",\"name\":\"Proarti services\",\"description\":\"Plateforme d&#039;apprentissage destin\u00e9e au monde de la culture\",\"publisher\":{\"@id\":\"https:\/\/www.proarti.fr\/services\/#organization\"},\"potentialAction\":[{\"@type\":\"SearchAction\",\"target\":{\"@type\":\"EntryPoint\",\"urlTemplate\":\"https:\/\/www.proarti.fr\/services\/?s={search_term_string}\"},\"query-input\":{\"@type\":\"PropertyValueSpecification\",\"valueRequired\":true,\"valueName\":\"search_term_string\"}}],\"inLanguage\":\"en-US\"},{\"@type\":\"Organization\",\"@id\":\"https:\/\/www.proarti.fr\/services\/#organization\",\"name\":\"Proarti services\",\"url\":\"https:\/\/www.proarti.fr\/services\/\",\"logo\":{\"@type\":\"ImageObject\",\"inLanguage\":\"en-US\",\"@id\":\"https:\/\/www.proarti.fr\/services\/#\/schema\/logo\/image\/\",\"url\":\"https:\/\/www.proarti.fr\/services\/wp-content\/uploads\/2022\/08\/cropped-cropped-Logoproarti-small.png\",\"contentUrl\":\"https:\/\/www.proarti.fr\/services\/wp-content\/uploads\/2022\/08\/cropped-cropped-Logoproarti-small.png\",\"width\":200,\"height\":100,\"caption\":\"Proarti services\"},\"image\":{\"@id\":\"https:\/\/www.proarti.fr\/services\/#\/schema\/logo\/image\/\"}}]}<\/script>\n<!-- \/ Yoast SEO plugin. -->","yoast_head_json":{"title":"Formation Communication Digitale - Proarti services","robots":{"index":"index","follow":"follow","max-snippet":"max-snippet:-1","max-image-preview":"max-image-preview:large","max-video-preview":"max-video-preview:-1"},"canonical":"https:\/\/www.proarti.fr\/services\/formation-communication-digitale\/","og_locale":"en_US","og_type":"article","og_title":"Formation Communication Digitale - Proarti services","og_description":"Formation communication digitale Construire sa strat\u00e9gie de communication digitale sur les r\u00e9seaux sociaux Cette formation propose au stagiaire d\u2019\u00e9laborer et","og_url":"https:\/\/www.proarti.fr\/services\/formation-communication-digitale\/","og_site_name":"Proarti services","article_modified_time":"2025-05-27T12:58:26+00:00","og_image":[{"width":200,"height":106,"url":"https:\/\/www.proarti.fr\/services\/wp-content\/uploads\/2024\/09\/proartischool_2014.webp","type":"image\/webp"}],"twitter_card":"summary_large_image","twitter_misc":{"Est. reading time":"4 minutes"},"schema":{"@context":"https:\/\/schema.org","@graph":[{"@type":"WebPage","@id":"https:\/\/www.proarti.fr\/services\/formation-communication-digitale\/","url":"https:\/\/www.proarti.fr\/services\/formation-communication-digitale\/","name":"Formation Communication Digitale - Proarti services","isPartOf":{"@id":"https:\/\/www.proarti.fr\/services\/#website"},"primaryImageOfPage":{"@id":"https:\/\/www.proarti.fr\/services\/formation-communication-digitale\/#primaryimage"},"image":{"@id":"https:\/\/www.proarti.fr\/services\/formation-communication-digitale\/#primaryimage"},"thumbnailUrl":"https:\/\/www.proarti.fr\/services\/wp-content\/uploads\/2024\/09\/proartischool_2014.webp","datePublished":"2024-09-21T09:32:45+00:00","dateModified":"2025-05-27T12:58:26+00:00","breadcrumb":{"@id":"https:\/\/www.proarti.fr\/services\/formation-communication-digitale\/#breadcrumb"},"inLanguage":"en-US","potentialAction":[{"@type":"ReadAction","target":["https:\/\/www.proarti.fr\/services\/formation-communication-digitale\/"]}]},{"@type":"ImageObject","inLanguage":"en-US","@id":"https:\/\/www.proarti.fr\/services\/formation-communication-digitale\/#primaryimage","url":"https:\/\/www.proarti.fr\/services\/wp-content\/uploads\/2024\/09\/proartischool_2014.webp","contentUrl":"https:\/\/www.proarti.fr\/services\/wp-content\/uploads\/2024\/09\/proartischool_2014.webp","width":200,"height":106},{"@type":"BreadcrumbList","@id":"https:\/\/www.proarti.fr\/services\/formation-communication-digitale\/#breadcrumb","itemListElement":[{"@type":"ListItem","position":1,"name":"Accueil","item":"https:\/\/www.proarti.fr\/services\/accueil-service-nouveau\/"},{"@type":"ListItem","position":2,"name":"Formation Communication Digitale"}]},{"@type":"WebSite","@id":"https:\/\/www.proarti.fr\/services\/#website","url":"https:\/\/www.proarti.fr\/services\/","name":"Proarti services","description":"Plateforme d&#039;apprentissage destin\u00e9e au monde de la culture","publisher":{"@id":"https:\/\/www.proarti.fr\/services\/#organization"},"potentialAction":[{"@type":"SearchAction","target":{"@type":"EntryPoint","urlTemplate":"https:\/\/www.proarti.fr\/services\/?s={search_term_string}"},"query-input":{"@type":"PropertyValueSpecification","valueRequired":true,"valueName":"search_term_string"}}],"inLanguage":"en-US"},{"@type":"Organization","@id":"https:\/\/www.proarti.fr\/services\/#organization","name":"Proarti services","url":"https:\/\/www.proarti.fr\/services\/","logo":{"@type":"ImageObject","inLanguage":"en-US","@id":"https:\/\/www.proarti.fr\/services\/#\/schema\/logo\/image\/","url":"https:\/\/www.proarti.fr\/services\/wp-content\/uploads\/2022\/08\/cropped-cropped-Logoproarti-small.png","contentUrl":"https:\/\/www.proarti.fr\/services\/wp-content\/uploads\/2022\/08\/cropped-cropped-Logoproarti-small.png","width":200,"height":100,"caption":"Proarti services"},"image":{"@id":"https:\/\/www.proarti.fr\/services\/#\/schema\/logo\/image\/"}}]}},"_links":{"self":[{"href":"https:\/\/www.proarti.fr\/services\/wp-json\/wp\/v2\/pages\/11845","targetHints":{"allow":["GET"]}}],"collection":[{"href":"https:\/\/www.proarti.fr\/services\/wp-json\/wp\/v2\/pages"}],"about":[{"href":"https:\/\/www.proarti.fr\/services\/wp-json\/wp\/v2\/types\/page"}],"author":[{"embeddable":true,"href":"https:\/\/www.proarti.fr\/services\/wp-json\/wp\/v2\/users\/15"}],"replies":[{"embeddable":true,"href":"https:\/\/www.proarti.fr\/services\/wp-json\/wp\/v2\/comments?post=11845"}],"version-history":[{"count":35,"href":"https:\/\/www.proarti.fr\/services\/wp-json\/wp\/v2\/pages\/11845\/revisions"}],"predecessor-version":[{"id":13701,"href":"https:\/\/www.proarti.fr\/services\/wp-json\/wp\/v2\/pages\/11845\/revisions\/13701"}],"wp:attachment":[{"href":"https:\/\/www.proarti.fr\/services\/wp-json\/wp\/v2\/media?parent=11845"}],"curies":[{"name":"wp","href":"https:\/\/api.w.org\/{rel}","templated":true}]}}